{"id":365,"date":"2024-03-05T10:10:56","date_gmt":"2024-03-05T09:10:56","guid":{"rendered":"https:\/\/decabildoabogados.es\/?page_id=365"},"modified":"2024-07-18T16:04:06","modified_gmt":"2024-07-18T14:04:06","slug":"colaboradors","status":"publish","type":"page","link":"https:\/\/decabildoabogados.es\/ca\/colaboradors\/","title":{"rendered":"Colaboradores"},"content":{"rendered":"\t\t<div data-elementor-type=\"wp-page\" data-elementor-id=\"365\" class=\"elementor elementor-365\" data-elementor-post-type=\"page\">\n\t\t\t\t\t\t<section class=\"elementor-section elementor-top-section elementor-element elementor-element-46ecf992 elementor-section-boxed elementor-section-height-default elementor-section-height-default\" data-id=\"46ecf992\" data-element_type=\"section\">\n\t\t\t\t\t\t<div class=\"elementor-container elementor-column-gap-default\">\n\t\t\t\t\t<div class=\"elementor-column elementor-col-100 elementor-top-column elementor-element elementor-element-58611448\" data-id=\"58611448\" data-element_type=\"column\">\n\t\t\t<div class=\"elementor-widget-wrap elementor-element-populated\">\n\t\t\t\t\t\t<div class=\"elementor-element elementor-element-30e8bd41 elementor-widget elementor-widget-heading\" data-id=\"30e8bd41\" data-element_type=\"widget\" data-widget_type=\"heading.default\">\n\t\t\t\t<div class=\"elementor-widget-container\">\n\t\t\t<style>\/*! elementor - v3.19.0 - 07-02-2024 *\/\n.elementor-heading-title{padding:0;margin:0;line-height:1}.elementor-widget-heading .elementor-heading-title[class*=elementor-size-]>a{color:inherit;font-size:inherit;line-height:inherit}.elementor-widget-heading .elementor-heading-title.elementor-size-small{font-size:15px}.elementor-widget-heading .elementor-heading-title.elementor-size-medium{font-size:19px}.elementor-widget-heading .elementor-heading-title.elementor-size-large{font-size:29px}.elementor-widget-heading .elementor-heading-title.elementor-size-xl{font-size:39px}.elementor-widget-heading .elementor-heading-title.elementor-size-xxl{font-size:59px}<\/style><h1 class=\"elementor-heading-title elementor-size-default\">col\u00b7laboradors a DeCabildo Advocats<\/h1>\t\t<\/div>\n\t\t\t\t<\/div>\n\t\t\t\t<div class=\"elementor-element elementor-element-243b1123 elementor-widget elementor-widget-text-editor\" data-id=\"243b1123\" data-element_type=\"widget\" data-widget_type=\"text-editor.default\">\n\t\t\t\t<div class=\"elementor-widget-container\">\n\t\t\t<style>\/*! elementor - v3.19.0 - 07-02-2024 *\/\n.elementor-widget-text-editor.elementor-drop-cap-view-stacked .elementor-drop-cap{background-color:#69727d;color:#fff}.elementor-widget-text-editor.elementor-drop-cap-view-framed .elementor-drop-cap{color:#69727d;border:3px solid;background-color:transparent}.elementor-widget-text-editor:not(.elementor-drop-cap-view-default) .elementor-drop-cap{margin-top:8px}.elementor-widget-text-editor:not(.elementor-drop-cap-view-default) .elementor-drop-cap-letter{width:1em;height:1em}.elementor-widget-text-editor .elementor-drop-cap{float:left;text-align:center;line-height:1;font-size:50px}.elementor-widget-text-editor .elementor-drop-cap-letter{display:inline-block}<\/style>\t\t\t\t<p>A DeCabildo Advocats, ens enorgulleix presentar als nostres <strong>COL\u00b7LABORADORS<\/strong>. Aquest espai est\u00e0 dedicat a apropar-te encara m\u00e9s al nostre equip de professionals altament qualificats, que s\u00f3n la pedra angular de la nostra reputaci\u00f3 i excel\u00b7l\u00e8ncia a l&#8217;\u00e0mbit legal a Tarragona. Aqu\u00ed trobareu un ep\u00edgraf personalitzat per a cadascun dels experts que col\u00b7laboren amb el nostre despatx, acompanyat d&#8217;una fotografia i una descripci\u00f3 detallada de la seva traject\u00f2ria professional, especialitats, i un enlla\u00e7 directe al seu perfil al Col\u00b7legi d&#8217;Advocats i LinkedIn professional.<\/p><p>Entenem la import\u00e0ncia de la transpar\u00e8ncia i el vincle de confian\u00e7a entre advocat i client.<\/p><p>Per aix\u00f2, a COL\u00b7LABORADORS, t&#8217;oferim una finestra a l&#8217;experi\u00e8ncia, el comprom\u00eds i la integritat d&#8217;aquells que estaran al teu costat per assessorar-te i representar-te legalment.<\/p><p>Descobreix m\u00e9s sobre qui som, la nostra experi\u00e8ncia i com et podem ajudar en les teves necessitats legals amb un enfocament hum\u00e0, \u00e8tic i altament professional.<\/p><p>Benvingut a con\u00e8ixer m\u00e9s de prop els professionals que fan possible el servei d&#8217;excel\u00b7l\u00e8ncia de DeCabildo Advocats.<\/p><p>Ens sentim orgullosos de ser un referent en assist\u00e8ncia jur\u00eddica familiar a la zona de Tarragona i voltants. Cada advocat matrimonialista a Tarragona del nostre equip es focalitzar\u00e0 a protegir els interessos dels nostres clients i preservar el teixit de les relacions paternofilials. Tots els procediments legals seran duts a terme amb gran cura, cura i dedicaci\u00f3.<\/p>\t\t\t\t\t\t<\/div>\n\t\t\t\t<\/div>\n\t\t\t\t\t<\/div>\n\t\t<\/div>\n\t\t\t\t\t<\/div>\n\t\t<\/section>\n\t\t\t\t<section class=\"elementor-section elementor-top-section elementor-element elementor-element-52f9bf5 elementor-section-boxed elementor-section-height-default elementor-section-height-default\" data-id=\"52f9bf5\" data-element_type=\"section\">\n\t\t\t\t\t\t<div class=\"elementor-container elementor-column-gap-wide\">\n\t\t\t\t\t<div class=\"elementor-column elementor-col-50 elementor-top-column elementor-element elementor-element-7d05012\" data-id=\"7d05012\" data-element_type=\"column\">\n\t\t\t<div class=\"elementor-widget-wrap elementor-element-populated\">\n\t\t\t\t\t\t<div class=\"elementor-element elementor-element-baba872 elementor-widget elementor-widget-image\" data-id=\"baba872\" data-element_type=\"widget\" data-widget_type=\"image.default\">\n\t\t\t\t<div class=\"elementor-widget-container\">\n\t\t\t<style>\/*! elementor - v3.19.0 - 07-02-2024 *\/\n.elementor-widget-image{text-align:center}.elementor-widget-image a{display:inline-block}.elementor-widget-image a img[src$=\".svg\"]{width:48px}.elementor-widget-image img{vertical-align:middle;display:inline-block}<\/style>\t\t\t\t\t\t\t\t\t\t<img fetchpriority=\"high\" decoding=\"async\" width=\"1232\" height=\"824\" src=\"https:\/\/decabildoabogados.es\/ca\/wp-content\/uploads\/2024\/03\/paloma-foto-petita.webp\" class=\"attachment-full size-full wp-image-373\" alt=\"Paloma Cabildo Aranda\" srcset=\"https:\/\/decabildoabogados.es\/ca\/wp-content\/uploads\/2024\/03\/paloma-foto-petita.webp 1232w, https:\/\/decabildoabogados.es\/ca\/wp-content\/uploads\/2024\/03\/paloma-foto-petita-300x201.webp 300w, https:\/\/decabildoabogados.es\/ca\/wp-content\/uploads\/2024\/03\/paloma-foto-petita-1024x685.webp 1024w, https:\/\/decabildoabogados.es\/ca\/wp-content\/uploads\/2024\/03\/paloma-foto-petita-768x514.webp 768w\" sizes=\"(max-width: 1232px) 100vw, 1232px\" \/>\t\t\t\t\t\t\t\t\t\t\t\t\t<\/div>\n\t\t\t\t<\/div>\n\t\t\t\t<div class=\"elementor-element elementor-element-1bca5fb elementor-widget elementor-widget-heading\" data-id=\"1bca5fb\" data-element_type=\"widget\" data-widget_type=\"heading.default\">\n\t\t\t\t<div class=\"elementor-widget-container\">\n\t\t\t<h3 class=\"elementor-heading-title elementor-size-default\">Paloma Cabildo Aranda<\/h3>\t\t<\/div>\n\t\t\t\t<\/div>\n\t\t\t\t\t<\/div>\n\t\t<\/div>\n\t\t\t\t<div class=\"elementor-column elementor-col-50 elementor-top-column elementor-element elementor-element-9bd845d\" data-id=\"9bd845d\" data-element_type=\"column\">\n\t\t\t<div class=\"elementor-widget-wrap elementor-element-populated\">\n\t\t\t\t\t\t<div class=\"elementor-element elementor-element-a9941c1 elementor-widget elementor-widget-text-editor\" data-id=\"a9941c1\" data-element_type=\"widget\" data-widget_type=\"text-editor.default\">\n\t\t\t\t<div class=\"elementor-widget-container\">\n\t\t\t\t\t\t\t<p>S\u00f2cia fundadora del despatx d&#8217;advocats amb <strong>m\u00e9s de 10 anys d&#8217;experi\u00e8ncia<\/strong> d&#8217;exercici a <strong>Dret Processal Civil<\/strong>. Advocada civilista especialitzada en Dret de Fam\u00edlia i Successions.<\/p><p>Membre de la secci\u00f3 de Dret Civil i Dret de Fam\u00edlia de l&#8217;Il\u00b7lustre Col\u00b7legi d&#8217;Advocats de Tarragona.<\/p><p><b>Formaci\u00f3 acad\u00e8mica:<\/b><br \/>Llicenciatura i M\u00e0ster en Dret per ESADE (Universitat Ramon Llull)<br \/>Postgrau en Pr\u00e0ctica Jur\u00eddica Civil i Mercantil (ICAB)<br \/>Curs especialitzaci\u00f3 Dret Immobiliari (ICAB)<br \/>Curs especialitzaci\u00f3 Dret de Fam\u00edlia (ICAB)<br \/>Curs especialitzaci\u00f3 Fiscalitat Successions (ICAB)<\/p><p><strong>Idiomes: <\/strong>catal\u00e0, castell\u00e0, angl\u00e8s i alemany b\u00e0sic<\/p>\t\t\t\t\t\t<\/div>\n\t\t\t\t<\/div>\n\t\t\t\t<section class=\"elementor-section elementor-inner-section elementor-element elementor-element-93a21c4 elementor-section-content-top elementor-section-boxed elementor-section-height-default elementor-section-height-default\" data-id=\"93a21c4\" data-element_type=\"section\">\n\t\t\t\t\t\t<div class=\"elementor-container elementor-column-gap-default\">\n\t\t\t\t\t<div class=\"elementor-column elementor-col-50 elementor-inner-column elementor-element elementor-element-9b55d74\" data-id=\"9b55d74\" data-element_type=\"column\">\n\t\t\t<div class=\"elementor-widget-wrap elementor-element-populated\">\n\t\t\t\t\t\t<div class=\"elementor-element elementor-element-33242e7 elementor-widget elementor-widget-text-editor\" data-id=\"33242e7\" data-element_type=\"widget\" data-widget_type=\"text-editor.default\">\n\t\t\t\t<div class=\"elementor-widget-container\">\n\t\t\t\t\t\t\t<a href=\"https:\/\/es.icatarragona.com\/\" target=\"_blank\" rel=\"noopener\"><strong>N\u00ba Col\u00b7legiat (ICAT): 3.051<\/strong><\/a>\t\t\t\t\t\t<\/div>\n\t\t\t\t<\/div>\n\t\t\t\t\t<\/div>\n\t\t<\/div>\n\t\t\t\t<div class=\"elementor-column elementor-col-50 elementor-inner-column elementor-element elementor-element-6212839\" data-id=\"6212839\" data-element_type=\"column\">\n\t\t\t<div class=\"elementor-widget-wrap elementor-element-populated\">\n\t\t\t\t\t\t<div class=\"elementor-element elementor-element-13d1428 elementor-view-stacked elementor-shape-circle elementor-widget elementor-widget-icon\" data-id=\"13d1428\" data-element_type=\"widget\" data-widget_type=\"icon.default\">\n\t\t\t\t<div class=\"elementor-widget-container\">\n\t\t\t\t\t<div class=\"elementor-icon-wrapper\">\n\t\t\t<a class=\"elementor-icon\" href=\"https:\/\/www.linkedin.com\/in\/paloma-cabildo-aranda-839b4285\/\" target=\"_blank\">\n\t\t\t<svg aria-hidden=\"true\" class=\"e-font-icon-svg e-fab-linkedin-in\" viewBox=\"0 0 448 512\" xmlns=\"http:\/\/www.w3.org\/2000\/svg\"><path d=\"M100.28 448H7.4V148.9h92.88zM53.79 108.1C24.09 108.1 0 83.5 0 53.8a53.79 53.79 0 0 1 107.58 0c0 29.7-24.1 54.3-53.79 54.3zM447.9 448h-92.68V302.4c0-34.7-.7-79.2-48.29-79.2-48.29 0-55.69 37.7-55.69 76.7V448h-92.78V148.9h89.08v40.8h1.3c12.4-23.5 42.69-48.3 87.88-48.3 94 0 111.28 61.9 111.28 142.3V448z\"><\/path><\/svg>\t\t\t<\/a>\n\t\t<\/div>\n\t\t\t\t<\/div>\n\t\t\t\t<\/div>\n\t\t\t\t\t<\/div>\n\t\t<\/div>\n\t\t\t\t\t<\/div>\n\t\t<\/section>\n\t\t\t\t\t<\/div>\n\t\t<\/div>\n\t\t\t\t\t<\/div>\n\t\t<\/section>\n\t\t\t\t<section class=\"elementor-section elementor-top-section elementor-element elementor-element-794ca85 elementor-section-boxed elementor-section-height-default elementor-section-height-default\" data-id=\"794ca85\" data-element_type=\"section\">\n\t\t\t\t\t\t<div class=\"elementor-container elementor-column-gap-wide\">\n\t\t\t\t\t<div class=\"elementor-column elementor-col-50 elementor-top-column elementor-element elementor-element-2e2cef2\" data-id=\"2e2cef2\" data-element_type=\"column\">\n\t\t\t<div class=\"elementor-widget-wrap elementor-element-populated\">\n\t\t\t\t\t\t<div class=\"elementor-element elementor-element-35205a5 elementor-widget elementor-widget-image\" data-id=\"35205a5\" data-element_type=\"widget\" data-widget_type=\"image.default\">\n\t\t\t\t<div class=\"elementor-widget-container\">\n\t\t\t\t\t\t\t\t\t\t\t\t\t<img decoding=\"async\" width=\"800\" height=\"541\" src=\"https:\/\/decabildoabogados.es\/ca\/wp-content\/uploads\/2024\/03\/Jordi-B-foto-petita.webp\" class=\"attachment-full size-full wp-image-368\" alt=\"Jordi Bomb\u00ed Vilaseca\" srcset=\"https:\/\/decabildoabogados.es\/ca\/wp-content\/uploads\/2024\/03\/Jordi-B-foto-petita.webp 800w, https:\/\/decabildoabogados.es\/ca\/wp-content\/uploads\/2024\/03\/Jordi-B-foto-petita-300x203.webp 300w, https:\/\/decabildoabogados.es\/ca\/wp-content\/uploads\/2024\/03\/Jordi-B-foto-petita-768x519.webp 768w\" sizes=\"(max-width: 800px) 100vw, 800px\" \/>\t\t\t\t\t\t\t\t\t\t\t\t\t<\/div>\n\t\t\t\t<\/div>\n\t\t\t\t<div class=\"elementor-element elementor-element-921499a elementor-widget elementor-widget-heading\" data-id=\"921499a\" data-element_type=\"widget\" data-widget_type=\"heading.default\">\n\t\t\t\t<div class=\"elementor-widget-container\">\n\t\t\t<h3 class=\"elementor-heading-title elementor-size-default\">Jordi Bomb\u00ed Vilaseca<\/h3>\t\t<\/div>\n\t\t\t\t<\/div>\n\t\t\t\t<div class=\"elementor-element elementor-element-5f424fa elementor-widget elementor-widget-text-editor\" data-id=\"5f424fa\" data-element_type=\"widget\" data-widget_type=\"text-editor.default\">\n\t\t\t\t<div class=\"elementor-widget-container\">\n\t\t\t\t\t\t\t<p>Advocat col\u00b7laborador del despatx amb m\u00e9s de <strong>20 anys d&#8217;experi\u00e8ncia<\/strong> professional, Jordi \u00e9s <strong>expert en Dret Civil<\/strong> i amb car\u00e0cter especial en els seus vessants del <strong>Dret de Fam\u00edlia i Successions<\/strong><\/p><p><span style=\"font-style: inherit; font-weight: inherit; color: var( --e-global-color-text ); background-color: var(--ast-global-color-5);\">Aix\u00ed mateix Jordi \u00e9s mediador en assumptes de Dret de Fam\u00edlia i membre de les seccions de Dret Civil, Processal, Matrimonial i Fam\u00edlia i de la Construcci\u00f3 de l&#8217;Il\u00b7lustre Col\u00b7legi d&#8217;Advocats de Barcelona.<\/span><\/p><p><strong>Formaci\u00f3 acad\u00e8mica:<\/strong><br \/>Llicenciat en dret per la Universitat de Barcelona.<br \/>Postgrau de Pr\u00e0ctica Jur\u00eddica de l&#8217;ICAB.<br \/>Curs de Dret Hereditari per l&#8217;ICAB.<\/p><p><b>Idiomes:<\/b> castell\u00e0, catal\u00e0 i angl\u00e8s.<\/p>\t\t\t\t\t\t<\/div>\n\t\t\t\t<\/div>\n\t\t\t\t<section class=\"elementor-section elementor-inner-section elementor-element elementor-element-8676f13 elementor-section-content-top elementor-section-boxed elementor-section-height-default elementor-section-height-default\" data-id=\"8676f13\" data-element_type=\"section\">\n\t\t\t\t\t\t<div class=\"elementor-container elementor-column-gap-default\">\n\t\t\t\t\t<div class=\"elementor-column elementor-col-50 elementor-inner-column elementor-element elementor-element-a478428\" data-id=\"a478428\" data-element_type=\"column\">\n\t\t\t<div class=\"elementor-widget-wrap elementor-element-populated\">\n\t\t\t\t\t\t<div class=\"elementor-element elementor-element-6fd0abf elementor-widget elementor-widget-text-editor\" data-id=\"6fd0abf\" data-element_type=\"widget\" data-widget_type=\"text-editor.default\">\n\t\t\t\t<div class=\"elementor-widget-container\">\n\t\t\t\t\t\t\t<a href=\"https:\/\/www.icab.es\/es\/colegio\/miembros\/index.html?id=27746\" target=\"_blank\" rel=\"noopener\"><strong>N\u00ba Col\u00b7legiat (ICAB):\u00a027.746<\/strong><\/a>\t\t\t\t\t\t<\/div>\n\t\t\t\t<\/div>\n\t\t\t\t\t<\/div>\n\t\t<\/div>\n\t\t\t\t<div class=\"elementor-column elementor-col-50 elementor-inner-column elementor-element elementor-element-2ff9741\" data-id=\"2ff9741\" data-element_type=\"column\">\n\t\t\t<div class=\"elementor-widget-wrap elementor-element-populated\">\n\t\t\t\t\t\t<div class=\"elementor-element elementor-element-c0e8a0b elementor-view-stacked elementor-shape-circle elementor-widget elementor-widget-icon\" data-id=\"c0e8a0b\" data-element_type=\"widget\" data-widget_type=\"icon.default\">\n\t\t\t\t<div class=\"elementor-widget-container\">\n\t\t\t\t\t<div class=\"elementor-icon-wrapper\">\n\t\t\t<a class=\"elementor-icon\" href=\"https:\/\/www.linkedin.com\/in\/jordibombivilaseca\/\" target=\"_blank\">\n\t\t\t<svg aria-hidden=\"true\" class=\"e-font-icon-svg e-fab-linkedin-in\" viewBox=\"0 0 448 512\" xmlns=\"http:\/\/www.w3.org\/2000\/svg\"><path d=\"M100.28 448H7.4V148.9h92.88zM53.79 108.1C24.09 108.1 0 83.5 0 53.8a53.79 53.79 0 0 1 107.58 0c0 29.7-24.1 54.3-53.79 54.3zM447.9 448h-92.68V302.4c0-34.7-.7-79.2-48.29-79.2-48.29 0-55.69 37.7-55.69 76.7V448h-92.78V148.9h89.08v40.8h1.3c12.4-23.5 42.69-48.3 87.88-48.3 94 0 111.28 61.9 111.28 142.3V448z\"><\/path><\/svg>\t\t\t<\/a>\n\t\t<\/div>\n\t\t\t\t<\/div>\n\t\t\t\t<\/div>\n\t\t\t\t\t<\/div>\n\t\t<\/div>\n\t\t\t\t\t<\/div>\n\t\t<\/section>\n\t\t\t\t\t<\/div>\n\t\t<\/div>\n\t\t\t\t<div class=\"elementor-column elementor-col-50 elementor-top-column elementor-element elementor-element-c498bcb\" data-id=\"c498bcb\" data-element_type=\"column\">\n\t\t\t<div class=\"elementor-widget-wrap elementor-element-populated\">\n\t\t\t\t\t\t<div class=\"elementor-element elementor-element-bf0c621 elementor-widget elementor-widget-image\" data-id=\"bf0c621\" data-element_type=\"widget\" data-widget_type=\"image.default\">\n\t\t\t\t<div class=\"elementor-widget-container\">\n\t\t\t\t\t\t\t\t\t\t\t\t\t<img decoding=\"async\" width=\"800\" height=\"649\" src=\"https:\/\/decabildoabogados.es\/ca\/wp-content\/uploads\/2024\/03\/JR-foto-petita.webp\" class=\"attachment-full size-full wp-image-369\" alt=\"Jordi Ripoll Coll\" srcset=\"https:\/\/decabildoabogados.es\/ca\/wp-content\/uploads\/2024\/03\/JR-foto-petita.webp 800w, https:\/\/decabildoabogados.es\/ca\/wp-content\/uploads\/2024\/03\/JR-foto-petita-300x243.webp 300w, https:\/\/decabildoabogados.es\/ca\/wp-content\/uploads\/2024\/03\/JR-foto-petita-768x623.webp 768w\" sizes=\"(max-width: 800px) 100vw, 800px\" \/>\t\t\t\t\t\t\t\t\t\t\t\t\t<\/div>\n\t\t\t\t<\/div>\n\t\t\t\t<div class=\"elementor-element elementor-element-8027e3a elementor-widget elementor-widget-heading\" data-id=\"8027e3a\" data-element_type=\"widget\" data-widget_type=\"heading.default\">\n\t\t\t\t<div class=\"elementor-widget-container\">\n\t\t\t<h3 class=\"elementor-heading-title elementor-size-default\">Jordi Ripoll Coll<\/h3>\t\t<\/div>\n\t\t\t\t<\/div>\n\t\t\t\t<div class=\"elementor-element elementor-element-3a8427a elementor-widget elementor-widget-text-editor\" data-id=\"3a8427a\" data-element_type=\"widget\" data-widget_type=\"text-editor.default\">\n\t\t\t\t<div class=\"elementor-widget-container\">\n\t\t\t\t\t\t\t<p>Advocat col\u00b7laborador en exercici amb m\u00e9s de <strong>15 anys d&#8217;experi\u00e8ncia<\/strong> a <strong>Dret Processal Civil i Mercantil<\/strong>. Ha enfocat la seva carrera especialment a les branques de <strong>Dret Bancari i Concursal<\/strong>.<\/p><p><strong>Formaci\u00f3 acad\u00e8mica:<\/strong><br \/>Llicenciat en dret per la Universitat de Barcelona.<br \/>Postgrau d\u00b4especialitzaci\u00f3 en litigi civil per IDEC \u2013 Universitat Pompeu Fabra.<br \/>Postgrau en Empreses en Crisi: prevenci\u00f3, reestructuraci\u00f3 i concurs de creditors per IDEC \u2013 Universitat Pompeu Fabra.<\/p><p><b>Idiomes:<\/b> castell\u00e0 catal\u00e0 i angl\u00e8s.<\/p>\t\t\t\t\t\t<\/div>\n\t\t\t\t<\/div>\n\t\t\t\t<section class=\"elementor-section elementor-inner-section elementor-element elementor-element-73a23c2 elementor-section-content-top elementor-section-boxed elementor-section-height-default elementor-section-height-default\" data-id=\"73a23c2\" data-element_type=\"section\">\n\t\t\t\t\t\t<div class=\"elementor-container elementor-column-gap-default\">\n\t\t\t\t\t<div class=\"elementor-column elementor-col-50 elementor-inner-column elementor-element elementor-element-1a47ed6\" data-id=\"1a47ed6\" data-element_type=\"column\">\n\t\t\t<div class=\"elementor-widget-wrap elementor-element-populated\">\n\t\t\t\t\t\t<div class=\"elementor-element elementor-element-e8423b0 elementor-widget elementor-widget-text-editor\" data-id=\"e8423b0\" data-element_type=\"widget\" data-widget_type=\"text-editor.default\">\n\t\t\t\t<div class=\"elementor-widget-container\">\n\t\t\t\t\t\t\t<a href=\"https:\/\/www.icab.es\/es\/colegio\/miembros\/index.html?id=35260\" target=\"_blank\" rel=\"noopener\"><strong>N\u00ba Col\u00b7legiat (ICAB):\u00a035.260<\/strong><\/a>\t\t\t\t\t\t<\/div>\n\t\t\t\t<\/div>\n\t\t\t\t\t<\/div>\n\t\t<\/div>\n\t\t\t\t<div class=\"elementor-column elementor-col-50 elementor-inner-column elementor-element elementor-element-bba3769\" data-id=\"bba3769\" data-element_type=\"column\">\n\t\t\t<div class=\"elementor-widget-wrap elementor-element-populated\">\n\t\t\t\t\t\t<div class=\"elementor-element elementor-element-6b1a5e7 elementor-view-stacked elementor-shape-circle elementor-widget elementor-widget-icon\" data-id=\"6b1a5e7\" data-element_type=\"widget\" data-widget_type=\"icon.default\">\n\t\t\t\t<div class=\"elementor-widget-container\">\n\t\t\t\t\t<div class=\"elementor-icon-wrapper\">\n\t\t\t<a class=\"elementor-icon\" href=\"https:\/\/www.linkedin.com\/in\/jordi-ripoll-59129930\/\" target=\"_blank\">\n\t\t\t<svg aria-hidden=\"true\" class=\"e-font-icon-svg e-fab-linkedin-in\" viewBox=\"0 0 448 512\" xmlns=\"http:\/\/www.w3.org\/2000\/svg\"><path d=\"M100.28 448H7.4V148.9h92.88zM53.79 108.1C24.09 108.1 0 83.5 0 53.8a53.79 53.79 0 0 1 107.58 0c0 29.7-24.1 54.3-53.79 54.3zM447.9 448h-92.68V302.4c0-34.7-.7-79.2-48.29-79.2-48.29 0-55.69 37.7-55.69 76.7V448h-92.78V148.9h89.08v40.8h1.3c12.4-23.5 42.69-48.3 87.88-48.3 94 0 111.28 61.9 111.28 142.3V448z\"><\/path><\/svg>\t\t\t<\/a>\n\t\t<\/div>\n\t\t\t\t<\/div>\n\t\t\t\t<\/div>\n\t\t\t\t\t<\/div>\n\t\t<\/div>\n\t\t\t\t\t<\/div>\n\t\t<\/section>\n\t\t\t\t\t<\/div>\n\t\t<\/div>\n\t\t\t\t\t<\/div>\n\t\t<\/section>\n\t\t\t\t<section class=\"elementor-section elementor-top-section elementor-element elementor-element-9fea1a2 elementor-section-boxed elementor-section-height-default elementor-section-height-default\" data-id=\"9fea1a2\" data-element_type=\"section\">\n\t\t\t\t\t\t<div class=\"elementor-container elementor-column-gap-wide\">\n\t\t\t\t\t<div class=\"elementor-column elementor-col-50 elementor-top-column elementor-element elementor-element-edbf42b\" data-id=\"edbf42b\" data-element_type=\"column\">\n\t\t\t<div class=\"elementor-widget-wrap elementor-element-populated\">\n\t\t\t\t\t\t<div class=\"elementor-element elementor-element-c87d0f7 elementor-widget elementor-widget-image\" data-id=\"c87d0f7\" data-element_type=\"widget\" data-widget_type=\"image.default\">\n\t\t\t\t<div class=\"elementor-widget-container\">\n\t\t\t\t\t\t\t\t\t\t\t\t\t<img loading=\"lazy\" decoding=\"async\" width=\"869\" height=\"747\" src=\"https:\/\/decabildoabogados.es\/ca\/wp-content\/uploads\/2024\/03\/luis-cara.webp\" class=\"attachment-full size-full wp-image-370\" alt=\"Luis Baratech Soler\" srcset=\"https:\/\/decabildoabogados.es\/ca\/wp-content\/uploads\/2024\/03\/luis-cara.webp 869w, https:\/\/decabildoabogados.es\/ca\/wp-content\/uploads\/2024\/03\/luis-cara-300x258.webp 300w, https:\/\/decabildoabogados.es\/ca\/wp-content\/uploads\/2024\/03\/luis-cara-768x660.webp 768w\" sizes=\"(max-width: 869px) 100vw, 869px\" \/>\t\t\t\t\t\t\t\t\t\t\t\t\t<\/div>\n\t\t\t\t<\/div>\n\t\t\t\t<div class=\"elementor-element elementor-element-583876f elementor-widget elementor-widget-heading\" data-id=\"583876f\" data-element_type=\"widget\" data-widget_type=\"heading.default\">\n\t\t\t\t<div class=\"elementor-widget-container\">\n\t\t\t<h3 class=\"elementor-heading-title elementor-size-default\">Luis Baratech Soler<\/h3>\t\t<\/div>\n\t\t\t\t<\/div>\n\t\t\t\t<div class=\"elementor-element elementor-element-ccad16b elementor-widget elementor-widget-text-editor\" data-id=\"ccad16b\" data-element_type=\"widget\" data-widget_type=\"text-editor.default\">\n\t\t\t\t<div class=\"elementor-widget-container\">\n\t\t\t\t\t\t\t<p>Advocat col\u00b7laborador amb una experi\u00e8ncia professional de m\u00e9s de 15 anys, Luis est\u00e0 especialitzat en Dret Mercantil i Immobiliari.<\/p><p><b>Formaci\u00f3 acad\u00e8mica:<\/b><br \/>Llicenciat en dret per la Universitat de Barcelona.<br \/>Postgrau de Pr\u00e0ctica Jur\u00eddica de l&#8217;ICAB.<br \/>M\u00e0ster en Dret Internacional dels Negocis per ESADE.<\/p><p><b>Idiomes:<\/b> castell\u00e0 catal\u00e0, angl\u00e8s i franc\u00e8s.<\/p>\t\t\t\t\t\t<\/div>\n\t\t\t\t<\/div>\n\t\t\t\t<section class=\"elementor-section elementor-inner-section elementor-element elementor-element-e7cc88e elementor-section-content-top elementor-section-boxed elementor-section-height-default elementor-section-height-default\" data-id=\"e7cc88e\" data-element_type=\"section\">\n\t\t\t\t\t\t<div class=\"elementor-container elementor-column-gap-default\">\n\t\t\t\t\t<div class=\"elementor-column elementor-col-50 elementor-inner-column elementor-element elementor-element-6b7daa8\" data-id=\"6b7daa8\" data-element_type=\"column\">\n\t\t\t<div class=\"elementor-widget-wrap elementor-element-populated\">\n\t\t\t\t\t\t<div class=\"elementor-element elementor-element-6fac5bc elementor-widget elementor-widget-text-editor\" data-id=\"6fac5bc\" data-element_type=\"widget\" data-widget_type=\"text-editor.default\">\n\t\t\t\t<div class=\"elementor-widget-container\">\n\t\t\t\t\t\t\t<a href=\"https:\/\/www.icab.es\/es\/colegio\/miembros\/index.html?id=28963\" target=\"_blank\" rel=\"noopener\"><strong>N\u00ba Col\u00b7legiat (ICAB):\u00a028.963<\/strong><\/a>\t\t\t\t\t\t<\/div>\n\t\t\t\t<\/div>\n\t\t\t\t\t<\/div>\n\t\t<\/div>\n\t\t\t\t<div class=\"elementor-column elementor-col-50 elementor-inner-column elementor-element elementor-element-da74ebb\" data-id=\"da74ebb\" data-element_type=\"column\">\n\t\t\t<div class=\"elementor-widget-wrap elementor-element-populated\">\n\t\t\t\t\t\t<div class=\"elementor-element elementor-element-d887b8d elementor-view-stacked elementor-shape-circle elementor-widget elementor-widget-icon\" data-id=\"d887b8d\" data-element_type=\"widget\" data-widget_type=\"icon.default\">\n\t\t\t\t<div class=\"elementor-widget-container\">\n\t\t\t\t\t<div class=\"elementor-icon-wrapper\">\n\t\t\t<a class=\"elementor-icon\" href=\"https:\/\/www.linkedin.com\/in\/luis-baratech-4a211149\/\" target=\"_blank\">\n\t\t\t<svg aria-hidden=\"true\" class=\"e-font-icon-svg e-fab-linkedin-in\" viewBox=\"0 0 448 512\" xmlns=\"http:\/\/www.w3.org\/2000\/svg\"><path d=\"M100.28 448H7.4V148.9h92.88zM53.79 108.1C24.09 108.1 0 83.5 0 53.8a53.79 53.79 0 0 1 107.58 0c0 29.7-24.1 54.3-53.79 54.3zM447.9 448h-92.68V302.4c0-34.7-.7-79.2-48.29-79.2-48.29 0-55.69 37.7-55.69 76.7V448h-92.78V148.9h89.08v40.8h1.3c12.4-23.5 42.69-48.3 87.88-48.3 94 0 111.28 61.9 111.28 142.3V448z\"><\/path><\/svg>\t\t\t<\/a>\n\t\t<\/div>\n\t\t\t\t<\/div>\n\t\t\t\t<\/div>\n\t\t\t\t\t<\/div>\n\t\t<\/div>\n\t\t\t\t\t<\/div>\n\t\t<\/section>\n\t\t\t\t\t<\/div>\n\t\t<\/div>\n\t\t\t\t<div class=\"elementor-column elementor-col-50 elementor-top-column elementor-element elementor-element-ed5565d\" data-id=\"ed5565d\" data-element_type=\"column\">\n\t\t\t<div class=\"elementor-widget-wrap elementor-element-populated\">\n\t\t\t\t\t\t<div class=\"elementor-element elementor-element-bd407b1 elementor-widget elementor-widget-image\" data-id=\"bd407b1\" data-element_type=\"widget\" data-widget_type=\"image.default\">\n\t\t\t\t<div class=\"elementor-widget-container\">\n\t\t\t\t\t\t\t\t\t\t\t\t\t<img loading=\"lazy\" decoding=\"async\" width=\"1200\" height=\"560\" src=\"https:\/\/decabildoabogados.es\/ca\/wp-content\/uploads\/2024\/03\/Monica.webp\" class=\"attachment-full size-full wp-image-383\" alt=\"M\u00f3nica Carrillo Gaudes\" srcset=\"https:\/\/decabildoabogados.es\/ca\/wp-content\/uploads\/2024\/03\/Monica.webp 1200w, https:\/\/decabildoabogados.es\/ca\/wp-content\/uploads\/2024\/03\/Monica-300x140.webp 300w, https:\/\/decabildoabogados.es\/ca\/wp-content\/uploads\/2024\/03\/Monica-1024x478.webp 1024w, https:\/\/decabildoabogados.es\/ca\/wp-content\/uploads\/2024\/03\/Monica-768x358.webp 768w\" sizes=\"(max-width: 1200px) 100vw, 1200px\" \/>\t\t\t\t\t\t\t\t\t\t\t\t\t<\/div>\n\t\t\t\t<\/div>\n\t\t\t\t<div class=\"elementor-element elementor-element-7871485 elementor-widget elementor-widget-heading\" data-id=\"7871485\" data-element_type=\"widget\" data-widget_type=\"heading.default\">\n\t\t\t\t<div class=\"elementor-widget-container\">\n\t\t\t<h3 class=\"elementor-heading-title elementor-size-default\">M\u00f3nica Carrillo Gaudes<\/h3>\t\t<\/div>\n\t\t\t\t<\/div>\n\t\t\t\t<section class=\"elementor-section elementor-inner-section elementor-element elementor-element-648575b elementor-section-content-top elementor-section-boxed elementor-section-height-default elementor-section-height-default\" data-id=\"648575b\" data-element_type=\"section\">\n\t\t\t\t\t\t<div class=\"elementor-container elementor-column-gap-default\">\n\t\t\t\t\t<div class=\"elementor-column elementor-col-50 elementor-inner-column elementor-element elementor-element-84eab14\" data-id=\"84eab14\" data-element_type=\"column\">\n\t\t\t<div class=\"elementor-widget-wrap elementor-element-populated\">\n\t\t\t\t\t\t<div class=\"elementor-element elementor-element-b99abcb elementor-widget elementor-widget-text-editor\" data-id=\"b99abcb\" data-element_type=\"widget\" data-widget_type=\"text-editor.default\">\n\t\t\t\t<div class=\"elementor-widget-container\">\n\t\t\t\t\t\t\t<a href=\"https:\/\/www.icab.es\/es\/colegio\/miembros\/index.html?id=35738\" target=\"_blank\" rel=\"noopener\"><strong>N\u00ba Col\u00b7legiat (ICAB): 35738<\/strong><\/a>\t\t\t\t\t\t<\/div>\n\t\t\t\t<\/div>\n\t\t\t\t\t<\/div>\n\t\t<\/div>\n\t\t\t\t<div class=\"elementor-column elementor-col-50 elementor-inner-column elementor-element elementor-element-c7d74ff\" data-id=\"c7d74ff\" data-element_type=\"column\">\n\t\t\t<div class=\"elementor-widget-wrap\">\n\t\t\t\t\t\t\t<\/div>\n\t\t<\/div>\n\t\t\t\t\t<\/div>\n\t\t<\/section>\n\t\t\t\t\t<\/div>\n\t\t<\/div>\n\t\t\t\t\t<\/div>\n\t\t<\/section>\n\t\t\t\t<section class=\"elementor-section elementor-top-section elementor-element elementor-element-e96c0e3 elementor-section-boxed elementor-section-height-default elementor-section-height-default\" data-id=\"e96c0e3\" data-element_type=\"section\">\n\t\t\t\t\t\t<div class=\"elementor-container elementor-column-gap-wide\">\n\t\t\t\t\t<div class=\"elementor-column elementor-col-50 elementor-top-column elementor-element elementor-element-2f78697\" data-id=\"2f78697\" data-element_type=\"column\">\n\t\t\t<div class=\"elementor-widget-wrap elementor-element-populated\">\n\t\t\t\t\t\t<div class=\"elementor-element elementor-element-92bf68a elementor-widget elementor-widget-image\" data-id=\"92bf68a\" data-element_type=\"widget\" data-widget_type=\"image.default\">\n\t\t\t\t<div class=\"elementor-widget-container\">\n\t\t\t\t\t\t\t\t\t\t\t\t\t<img loading=\"lazy\" decoding=\"async\" width=\"599\" height=\"596\" src=\"https:\/\/decabildoabogados.es\/ca\/wp-content\/uploads\/2024\/03\/Paula-cara.jpeg\" class=\"attachment-full size-full wp-image-374\" alt=\"Paula Molina Sevilla\" srcset=\"https:\/\/decabildoabogados.es\/ca\/wp-content\/uploads\/2024\/03\/Paula-cara.jpeg 599w, https:\/\/decabildoabogados.es\/ca\/wp-content\/uploads\/2024\/03\/Paula-cara-300x298.jpeg 300w, https:\/\/decabildoabogados.es\/ca\/wp-content\/uploads\/2024\/03\/Paula-cara-150x150.jpeg 150w\" sizes=\"(max-width: 599px) 100vw, 599px\" \/>\t\t\t\t\t\t\t\t\t\t\t\t\t<\/div>\n\t\t\t\t<\/div>\n\t\t\t\t<div class=\"elementor-element elementor-element-db57f0c elementor-widget elementor-widget-heading\" data-id=\"db57f0c\" data-element_type=\"widget\" data-widget_type=\"heading.default\">\n\t\t\t\t<div class=\"elementor-widget-container\">\n\t\t\t<h3 class=\"elementor-heading-title elementor-size-default\">Paula Molina Sevilla<\/h3>\t\t<\/div>\n\t\t\t\t<\/div>\n\t\t\t\t<div class=\"elementor-element elementor-element-99cddb9 elementor-widget elementor-widget-text-editor\" data-id=\"99cddb9\" data-element_type=\"widget\" data-widget_type=\"text-editor.default\">\n\t\t\t\t<div class=\"elementor-widget-container\">\n\t\t\t\t\t\t\t<p>Advocada col\u00b7laboradora del despatx amb m\u00e9s de <strong>8 anys d&#8217;experi\u00e8ncia nacional i internacional<\/strong>. Actualment advocada especialitzada en Compliance, amb especial esment a la prevenci\u00f3 del blanqueig de capitals i finan\u00e7ament del terrorisme i protecci\u00f3 de dades. Membre de l&#8217;associaci\u00f3 espanyola de Compliance (ASCOM) i World Compliance Association (WCA).<\/p><p><strong>Formaci\u00f3 acad\u00e8mica:<\/strong><br \/>Llicenciatura i M\u00e0ster en Dret per ESADE (Universitat Ramon Llull)<br \/>Diplomat Govern Corporatiu i Compliance (Universitat del Desenvolupament de Xile)<br \/>Diploma d&#8217;especialitzaci\u00f3 en Compliance (Universitat Loyola)<br \/>Certificaci\u00f3 Compliance CESCOM i IFCA (ASCOM)<\/p><p><strong>Certificaci\u00f3 professional:<\/strong><br \/>Prevenci\u00f3 del Blanqueig de Capitals i Finan\u00e7ament del Terrorisme (INBLAC, 2023)<br \/>Curs especial en Protecci\u00f3 de Dades Personals (EPJ, Universidad Complutense de Madrid)<\/p><p><strong>Idiomes:<\/strong> catal\u00e0, castell\u00e0, angl\u00e8s i alemany b\u00e0sic.<\/p>\t\t\t\t\t\t<\/div>\n\t\t\t\t<\/div>\n\t\t\t\t<section class=\"elementor-section elementor-inner-section elementor-element elementor-element-9287383 elementor-section-content-top elementor-section-boxed elementor-section-height-default elementor-section-height-default\" data-id=\"9287383\" data-element_type=\"section\">\n\t\t\t\t\t\t<div class=\"elementor-container elementor-column-gap-default\">\n\t\t\t\t\t<div class=\"elementor-column elementor-col-50 elementor-inner-column elementor-element elementor-element-40e7ed0\" data-id=\"40e7ed0\" data-element_type=\"column\">\n\t\t\t<div class=\"elementor-widget-wrap elementor-element-populated\">\n\t\t\t\t\t\t<div class=\"elementor-element elementor-element-635e3d6 elementor-widget elementor-widget-text-editor\" data-id=\"635e3d6\" data-element_type=\"widget\" data-widget_type=\"text-editor.default\">\n\t\t\t\t<div class=\"elementor-widget-container\">\n\t\t\t\t\t\t\t<a href=\"https:\/\/icacs.com\/\" target=\"_blank\" rel=\"noopener\"><strong>N\u00ba Col\u00b7legiada (ICACS): 3202<\/strong><\/a>\t\t\t\t\t\t<\/div>\n\t\t\t\t<\/div>\n\t\t\t\t\t<\/div>\n\t\t<\/div>\n\t\t\t\t<div class=\"elementor-column elementor-col-50 elementor-inner-column elementor-element elementor-element-fede33b\" data-id=\"fede33b\" data-element_type=\"column\">\n\t\t\t<div class=\"elementor-widget-wrap elementor-element-populated\">\n\t\t\t\t\t\t<div class=\"elementor-element elementor-element-e514fcf elementor-view-stacked elementor-shape-circle elementor-widget elementor-widget-icon\" data-id=\"e514fcf\" data-element_type=\"widget\" data-widget_type=\"icon.default\">\n\t\t\t\t<div class=\"elementor-widget-container\">\n\t\t\t\t\t<div class=\"elementor-icon-wrapper\">\n\t\t\t<a class=\"elementor-icon\" href=\"https:\/\/www.linkedin.com\/in\/paula-molina-sevilla\/\" target=\"_blank\">\n\t\t\t<svg aria-hidden=\"true\" class=\"e-font-icon-svg e-fab-linkedin-in\" viewBox=\"0 0 448 512\" xmlns=\"http:\/\/www.w3.org\/2000\/svg\"><path d=\"M100.28 448H7.4V148.9h92.88zM53.79 108.1C24.09 108.1 0 83.5 0 53.8a53.79 53.79 0 0 1 107.58 0c0 29.7-24.1 54.3-53.79 54.3zM447.9 448h-92.68V302.4c0-34.7-.7-79.2-48.29-79.2-48.29 0-55.69 37.7-55.69 76.7V448h-92.78V148.9h89.08v40.8h1.3c12.4-23.5 42.69-48.3 87.88-48.3 94 0 111.28 61.9 111.28 142.3V448z\"><\/path><\/svg>\t\t\t<\/a>\n\t\t<\/div>\n\t\t\t\t<\/div>\n\t\t\t\t<\/div>\n\t\t\t\t\t<\/div>\n\t\t<\/div>\n\t\t\t\t\t<\/div>\n\t\t<\/section>\n\t\t\t\t\t<\/div>\n\t\t<\/div>\n\t\t\t\t<div class=\"elementor-column elementor-col-50 elementor-top-column elementor-element elementor-element-02dab63\" data-id=\"02dab63\" data-element_type=\"column\">\n\t\t\t<div class=\"elementor-widget-wrap elementor-element-populated\">\n\t\t\t\t\t\t<div class=\"elementor-element elementor-element-bb3f2eb elementor-widget elementor-widget-image\" data-id=\"bb3f2eb\" data-element_type=\"widget\" data-widget_type=\"image.default\">\n\t\t\t\t<div class=\"elementor-widget-container\">\n\t\t\t\t\t\t\t\t\t\t\t\t\t<img loading=\"lazy\" decoding=\"async\" width=\"1563\" height=\"1563\" src=\"https:\/\/decabildoabogados.es\/ca\/wp-content\/uploads\/2024\/03\/WHATSA2.webp\" class=\"attachment-full size-full wp-image-375\" alt=\"L\u00f3pez &amp; Aranda\" srcset=\"https:\/\/decabildoabogados.es\/ca\/wp-content\/uploads\/2024\/03\/WHATSA2.webp 1563w, https:\/\/decabildoabogados.es\/ca\/wp-content\/uploads\/2024\/03\/WHATSA2-300x300.webp 300w, https:\/\/decabildoabogados.es\/ca\/wp-content\/uploads\/2024\/03\/WHATSA2-1024x1024.webp 1024w, https:\/\/decabildoabogados.es\/ca\/wp-content\/uploads\/2024\/03\/WHATSA2-150x150.webp 150w, https:\/\/decabildoabogados.es\/ca\/wp-content\/uploads\/2024\/03\/WHATSA2-768x768.webp 768w, https:\/\/decabildoabogados.es\/ca\/wp-content\/uploads\/2024\/03\/WHATSA2-1536x1536.webp 1536w\" sizes=\"(max-width: 1563px) 100vw, 1563px\" \/>\t\t\t\t\t\t\t\t\t\t\t\t\t<\/div>\n\t\t\t\t<\/div>\n\t\t\t\t<div class=\"elementor-element elementor-element-1839574 elementor-widget elementor-widget-heading\" data-id=\"1839574\" data-element_type=\"widget\" data-widget_type=\"heading.default\">\n\t\t\t\t<div class=\"elementor-widget-container\">\n\t\t\t<h3 class=\"elementor-heading-title elementor-size-default\">L\u00f3pez & Aranda <\/h3>\t\t<\/div>\n\t\t\t\t<\/div>\n\t\t\t\t<div class=\"elementor-element elementor-element-529ae83 elementor-widget elementor-widget-text-editor\" data-id=\"529ae83\" data-element_type=\"widget\" data-widget_type=\"text-editor.default\">\n\t\t\t\t<div class=\"elementor-widget-container\">\n\t\t\t\t\t\t\t<p><strong>Assessorament Immobiliari i solucions de consultoria i intermediaci\u00f3 immobili\u00e0ria<\/strong> a les principals \u00e0rees del sector immobiliari: Residencial, S\u00f2l, Oficines, Locals, Inversi\u00f3 i Valoracions.<\/p><p>Assessoria, an\u00e0lisi, redacci\u00f3 i elaboraci\u00f3 dinformes i m\u00e0rqueting que asseguren solucions personalitzades per obtenir l\u00e8xit en les operacions immobili\u00e0ries.<\/p><p>S&#8217;ofereixen tamb\u00e9 uns serveis immobiliaris complets: gestions davant dels registres de la propietat, l&#8217;administraci\u00f3 tribut\u00e0ria, auton\u00f2mica o local; redacci\u00f3, elaboraci\u00f3 i revisi\u00f3 de tota mena de contractes i documents; assessorament de la venda fins a la signatura d&#8217;escriptura p\u00fablica de compravenda.<\/p>\t\t\t\t\t\t<\/div>\n\t\t\t\t<\/div>\n\t\t\t\t\t<\/div>\n\t\t<\/div>\n\t\t\t\t\t<\/div>\n\t\t<\/section>\n\t\t\t\t<\/div>\n\t\t","protected":false},"excerpt":{"rendered":"<p>col\u00b7laboradors a DeCabildo Advocats A DeCabildo Advocats, ens enorgulleix presentar als nostres COL\u00b7LABORADORS. Aquest espai est\u00e0 dedicat a apropar-te encara [&hellip;]<\/p>\n","protected":false},"author":1,"featured_media":0,"parent":0,"menu_order":0,"comment_status":"closed","ping_status":"closed","template":"","meta":{"site-sidebar-layout":"no-sidebar","site-content-layout":"","ast-site-content-layout":"full-width-container","site-content-style":"default","site-sidebar-style":"default","ast-global-header-display":"","ast-banner-title-visibility":"","ast-main-header-display":"","ast-hfb-above-header-display":"","ast-hfb-below-header-display":"","ast-hfb-mobile-header-display":"","site-post-title":"disabled","ast-breadcrumbs-content":"","ast-featured-img":"disabled","footer-sml-layout":"","theme-transparent-header-meta":"","adv-header-id-meta":"","stick-header-meta":"","header-above-stick-meta":"","header-main-stick-meta":"","header-below-stick-meta":"","astra-migrate-meta-layouts":"default","ast-page-background-enabled":"default","ast-page-background-meta":{"desktop":{"background-color":"var(--ast-global-color-4)","background-image":"","background-repeat":"repeat","background-position":"center center","background-size":"auto","background-attachment":"scroll","background-type":"","background-media":"","overlay-type":"","overlay-color":"","overlay-gradient":""},"tablet":{"background-color":"","background-image":"","background-repeat":"repeat","background-position":"center center","background-size":"auto","background-attachment":"scroll","background-type":"","background-media":"","overlay-type":"","overlay-color":"","overlay-gradient":""},"mobile":{"background-color":"","background-image":"","background-repeat":"repeat","background-position":"center center","background-size":"auto","background-attachment":"scroll","background-type":"","background-media":"","overlay-type":"","overlay-color":"","overlay-gradient":""}},"ast-content-background-meta":{"desktop":{"background-color":"var(--ast-global-color-5)","background-image":"","background-repeat":"repeat","background-position":"center center","background-size":"auto","background-attachment":"scroll","background-type":"","background-media":"","overlay-type":"","overlay-color":"","overlay-gradient":""},"tablet":{"background-color":"var(--ast-global-color-5)","background-image":"","background-repeat":"repeat","background-position":"center center","background-size":"auto","background-attachment":"scroll","background-type":"","background-media":"","overlay-type":"","overlay-color":"","overlay-gradient":""},"mobile":{"background-color":"var(--ast-global-color-5)","background-image":"","background-repeat":"repeat","background-position":"center center","background-size":"auto","background-attachment":"scroll","background-type":"","background-media":"","overlay-type":"","overlay-color":"","overlay-gradient":""}},"footnotes":""},"class_list":["post-365","page","type-page","status-publish","hentry"],"yoast_head":"<!-- This site is optimized with the Yoast SEO plugin v24.2 - https:\/\/yoast.com\/wordpress\/plugins\/seo\/ -->\n<title>Col\u00b7laboradors a DeCabildo Advocats<\/title>\n<meta name=\"description\" content=\"Aqu\u00ed podr\u00e0s veure tot l\u00b4equip que compon el nostre bufet i la seva informaci\u00f3 professional per saber que estar\u00e0s en bones mans.\" \/>\n<meta name=\"robots\" content=\"index, follow, max-snippet:-1, max-image-preview:large, max-video-preview:-1\" \/>\n<link rel=\"canonical\" href=\"https:\/\/decabildoabogados.es\/ca\/colaboradors\/\" \/>\n<meta property=\"og:locale\" content=\"ca_ES\" \/>\n<meta property=\"og:type\" content=\"article\" \/>\n<meta property=\"og:title\" content=\"Col\u00b7laboradors a DeCabildo Advocats\" \/>\n<meta property=\"og:description\" content=\"Aqu\u00ed podr\u00e0s veure tot l\u00b4equip que compon el nostre bufet i la seva informaci\u00f3 professional per saber que estar\u00e0s en bones mans.\" \/>\n<meta property=\"og:url\" content=\"https:\/\/decabildoabogados.es\/ca\/colaboradors\/\" \/>\n<meta property=\"og:site_name\" content=\"decabildo Abogados\" \/>\n<meta property=\"article:modified_time\" content=\"2024-07-18T14:04:06+00:00\" \/>\n<meta property=\"og:image\" content=\"https:\/\/decabildoabogados.es\/ca\/wp-content\/uploads\/2024\/03\/paloma-foto-petita.webp\" \/>\n<meta name=\"twitter:card\" content=\"summary_large_image\" \/>\n<meta name=\"twitter:label1\" content=\"Temps estimat de lectura\" \/>\n\t<meta name=\"twitter:data1\" content=\"5 minuts\" \/>\n<script type=\"application\/ld+json\" class=\"yoast-schema-graph\">{\"@context\":\"https:\/\/schema.org\",\"@graph\":[{\"@type\":\"WebPage\",\"@id\":\"https:\/\/decabildoabogados.es\/ca\/colaboradors\/\",\"url\":\"https:\/\/decabildoabogados.es\/ca\/colaboradors\/\",\"name\":\"Col\u00b7laboradors a DeCabildo Advocats\",\"isPartOf\":{\"@id\":\"https:\/\/decabildoabogados.es\/ca\/#website\"},\"primaryImageOfPage\":{\"@id\":\"https:\/\/decabildoabogados.es\/ca\/colaboradors\/#primaryimage\"},\"image\":{\"@id\":\"https:\/\/decabildoabogados.es\/ca\/colaboradors\/#primaryimage\"},\"thumbnailUrl\":\"https:\/\/decabildoabogados.es\/ca\/wp-content\/uploads\/2024\/03\/paloma-foto-petita.webp\",\"datePublished\":\"2024-03-05T09:10:56+00:00\",\"dateModified\":\"2024-07-18T14:04:06+00:00\",\"description\":\"Aqu\u00ed podr\u00e0s veure tot l\u00b4equip que compon el nostre bufet i la seva informaci\u00f3 professional per saber que estar\u00e0s en bones mans.\",\"breadcrumb\":{\"@id\":\"https:\/\/decabildoabogados.es\/ca\/colaboradors\/#breadcrumb\"},\"inLanguage\":\"ca\",\"potentialAction\":[{\"@type\":\"ReadAction\",\"target\":[\"https:\/\/decabildoabogados.es\/ca\/colaboradors\/\"]}]},{\"@type\":\"ImageObject\",\"inLanguage\":\"ca\",\"@id\":\"https:\/\/decabildoabogados.es\/ca\/colaboradors\/#primaryimage\",\"url\":\"https:\/\/decabildoabogados.es\/ca\/wp-content\/uploads\/2024\/03\/paloma-foto-petita.webp\",\"contentUrl\":\"https:\/\/decabildoabogados.es\/ca\/wp-content\/uploads\/2024\/03\/paloma-foto-petita.webp\",\"width\":1232,\"height\":824,\"caption\":\"Paloma Cabildo Aranda\"},{\"@type\":\"BreadcrumbList\",\"@id\":\"https:\/\/decabildoabogados.es\/ca\/colaboradors\/#breadcrumb\",\"itemListElement\":[{\"@type\":\"ListItem\",\"position\":1,\"name\":\"Portada\",\"item\":\"https:\/\/decabildoabogados.es\/ca\/\"},{\"@type\":\"ListItem\",\"position\":2,\"name\":\"Colaboradores\"}]},{\"@type\":\"WebSite\",\"@id\":\"https:\/\/decabildoabogados.es\/ca\/#website\",\"url\":\"https:\/\/decabildoabogados.es\/ca\/\",\"name\":\"Decabildo Abogados\",\"description\":\"\",\"publisher\":{\"@id\":\"https:\/\/decabildoabogados.es\/ca\/#organization\"},\"potentialAction\":[{\"@type\":\"SearchAction\",\"target\":{\"@type\":\"EntryPoint\",\"urlTemplate\":\"https:\/\/decabildoabogados.es\/ca\/?s={search_term_string}\"},\"query-input\":{\"@type\":\"PropertyValueSpecification\",\"valueRequired\":true,\"valueName\":\"search_term_string\"}}],\"inLanguage\":\"ca\"},{\"@type\":\"Organization\",\"@id\":\"https:\/\/decabildoabogados.es\/ca\/#organization\",\"name\":\"Decabildo Abogados\",\"url\":\"https:\/\/decabildoabogados.es\/ca\/\",\"logo\":{\"@type\":\"ImageObject\",\"inLanguage\":\"ca\",\"@id\":\"https:\/\/decabildoabogados.es\/ca\/#\/schema\/logo\/image\/\",\"url\":\"https:\/\/decabildoabogados.es\/ca\/wp-content\/uploads\/2024\/02\/cropped-logo_decabildo_es.webp\",\"contentUrl\":\"https:\/\/decabildoabogados.es\/ca\/wp-content\/uploads\/2024\/02\/cropped-logo_decabildo_es.webp\",\"width\":357,\"height\":171,\"caption\":\"Decabildo Abogados\"},\"image\":{\"@id\":\"https:\/\/decabildoabogados.es\/ca\/#\/schema\/logo\/image\/\"}}]}<\/script>\n<!-- \/ Yoast SEO plugin. -->","yoast_head_json":{"title":"Col\u00b7laboradors a DeCabildo Advocats","description":"Aqu\u00ed podr\u00e0s veure tot l\u00b4equip que compon el nostre bufet i la seva informaci\u00f3 professional per saber que estar\u00e0s en bones mans.","robots":{"index":"index","follow":"follow","max-snippet":"max-snippet:-1","max-image-preview":"max-image-preview:large","max-video-preview":"max-video-preview:-1"},"canonical":"https:\/\/decabildoabogados.es\/ca\/colaboradors\/","og_locale":"ca_ES","og_type":"article","og_title":"Col\u00b7laboradors a DeCabildo Advocats","og_description":"Aqu\u00ed podr\u00e0s veure tot l\u00b4equip que compon el nostre bufet i la seva informaci\u00f3 professional per saber que estar\u00e0s en bones mans.","og_url":"https:\/\/decabildoabogados.es\/ca\/colaboradors\/","og_site_name":"decabildo Abogados","article_modified_time":"2024-07-18T14:04:06+00:00","og_image":[{"url":"https:\/\/decabildoabogados.es\/ca\/wp-content\/uploads\/2024\/03\/paloma-foto-petita.webp","type":"","width":"","height":""}],"twitter_card":"summary_large_image","twitter_misc":{"Temps estimat de lectura":"5 minuts"},"schema":{"@context":"https:\/\/schema.org","@graph":[{"@type":"WebPage","@id":"https:\/\/decabildoabogados.es\/ca\/colaboradors\/","url":"https:\/\/decabildoabogados.es\/ca\/colaboradors\/","name":"Col\u00b7laboradors a DeCabildo Advocats","isPartOf":{"@id":"https:\/\/decabildoabogados.es\/ca\/#website"},"primaryImageOfPage":{"@id":"https:\/\/decabildoabogados.es\/ca\/colaboradors\/#primaryimage"},"image":{"@id":"https:\/\/decabildoabogados.es\/ca\/colaboradors\/#primaryimage"},"thumbnailUrl":"https:\/\/decabildoabogados.es\/ca\/wp-content\/uploads\/2024\/03\/paloma-foto-petita.webp","datePublished":"2024-03-05T09:10:56+00:00","dateModified":"2024-07-18T14:04:06+00:00","description":"Aqu\u00ed podr\u00e0s veure tot l\u00b4equip que compon el nostre bufet i la seva informaci\u00f3 professional per saber que estar\u00e0s en bones mans.","breadcrumb":{"@id":"https:\/\/decabildoabogados.es\/ca\/colaboradors\/#breadcrumb"},"inLanguage":"ca","potentialAction":[{"@type":"ReadAction","target":["https:\/\/decabildoabogados.es\/ca\/colaboradors\/"]}]},{"@type":"ImageObject","inLanguage":"ca","@id":"https:\/\/decabildoabogados.es\/ca\/colaboradors\/#primaryimage","url":"https:\/\/decabildoabogados.es\/ca\/wp-content\/uploads\/2024\/03\/paloma-foto-petita.webp","contentUrl":"https:\/\/decabildoabogados.es\/ca\/wp-content\/uploads\/2024\/03\/paloma-foto-petita.webp","width":1232,"height":824,"caption":"Paloma Cabildo Aranda"},{"@type":"BreadcrumbList","@id":"https:\/\/decabildoabogados.es\/ca\/colaboradors\/#breadcrumb","itemListElement":[{"@type":"ListItem","position":1,"name":"Portada","item":"https:\/\/decabildoabogados.es\/ca\/"},{"@type":"ListItem","position":2,"name":"Colaboradores"}]},{"@type":"WebSite","@id":"https:\/\/decabildoabogados.es\/ca\/#website","url":"https:\/\/decabildoabogados.es\/ca\/","name":"Decabildo Abogados","description":"","publisher":{"@id":"https:\/\/decabildoabogados.es\/ca\/#organization"},"potentialAction":[{"@type":"SearchAction","target":{"@type":"EntryPoint","urlTemplate":"https:\/\/decabildoabogados.es\/ca\/?s={search_term_string}"},"query-input":{"@type":"PropertyValueSpecification","valueRequired":true,"valueName":"search_term_string"}}],"inLanguage":"ca"},{"@type":"Organization","@id":"https:\/\/decabildoabogados.es\/ca\/#organization","name":"Decabildo Abogados","url":"https:\/\/decabildoabogados.es\/ca\/","logo":{"@type":"ImageObject","inLanguage":"ca","@id":"https:\/\/decabildoabogados.es\/ca\/#\/schema\/logo\/image\/","url":"https:\/\/decabildoabogados.es\/ca\/wp-content\/uploads\/2024\/02\/cropped-logo_decabildo_es.webp","contentUrl":"https:\/\/decabildoabogados.es\/ca\/wp-content\/uploads\/2024\/02\/cropped-logo_decabildo_es.webp","width":357,"height":171,"caption":"Decabildo Abogados"},"image":{"@id":"https:\/\/decabildoabogados.es\/ca\/#\/schema\/logo\/image\/"}}]}},"_links":{"self":[{"href":"https:\/\/decabildoabogados.es\/ca\/wp-json\/wp\/v2\/pages\/365","targetHints":{"allow":["GET"]}}],"collection":[{"href":"https:\/\/decabildoabogados.es\/ca\/wp-json\/wp\/v2\/pages"}],"about":[{"href":"https:\/\/decabildoabogados.es\/ca\/wp-json\/wp\/v2\/types\/page"}],"author":[{"embeddable":true,"href":"https:\/\/decabildoabogados.es\/ca\/wp-json\/wp\/v2\/users\/1"}],"replies":[{"embeddable":true,"href":"https:\/\/decabildoabogados.es\/ca\/wp-json\/wp\/v2\/comments?post=365"}],"version-history":[{"count":19,"href":"https:\/\/decabildoabogados.es\/ca\/wp-json\/wp\/v2\/pages\/365\/revisions"}],"predecessor-version":[{"id":462,"href":"https:\/\/decabildoabogados.es\/ca\/wp-json\/wp\/v2\/pages\/365\/revisions\/462"}],"wp:attachment":[{"href":"https:\/\/decabildoabogados.es\/ca\/wp-json\/wp\/v2\/media?parent=365"}],"curies":[{"name":"wp","href":"https:\/\/api.w.org\/{rel}","templated":true}]}}