{"id":319,"date":"2024-03-01T14:47:35","date_gmt":"2024-03-01T13:47:35","guid":{"rendered":"https:\/\/decabildoabogados.es\/?page_id=319"},"modified":"2025-01-20T11:32:50","modified_gmt":"2025-01-20T10:32:50","slug":"politica-de-xarxes-socials","status":"publish","type":"page","link":"https:\/\/decabildoabogados.es\/ca\/politica-de-xarxes-socials\/","title":{"rendered":"Pol\u00edtica de xarxes socials"},"content":{"rendered":"\t\t<div data-elementor-type=\"wp-page\" data-elementor-id=\"319\" class=\"elementor elementor-319\" data-elementor-post-type=\"page\">\n\t\t\t\t\t\t<section class=\"elementor-section elementor-top-section elementor-element elementor-element-2fb04de4 elementor-section-boxed elementor-section-height-default elementor-section-height-default\" data-id=\"2fb04de4\" data-element_type=\"section\">\n\t\t\t\t\t\t<div class=\"elementor-container elementor-column-gap-default\">\n\t\t\t\t\t<div class=\"elementor-column elementor-col-100 elementor-top-column elementor-element elementor-element-414f3327\" data-id=\"414f3327\" data-element_type=\"column\">\n\t\t\t<div class=\"elementor-widget-wrap elementor-element-populated\">\n\t\t\t\t\t\t<div class=\"elementor-element elementor-element-46574eb4 elementor-widget elementor-widget-heading\" data-id=\"46574eb4\" data-element_type=\"widget\" data-widget_type=\"heading.default\">\n\t\t\t\t<div class=\"elementor-widget-container\">\n\t\t\t<style>\/*! elementor - v3.19.0 - 07-02-2024 *\/\n.elementor-heading-title{padding:0;margin:0;line-height:1}.elementor-widget-heading .elementor-heading-title[class*=elementor-size-]>a{color:inherit;font-size:inherit;line-height:inherit}.elementor-widget-heading .elementor-heading-title.elementor-size-small{font-size:15px}.elementor-widget-heading .elementor-heading-title.elementor-size-medium{font-size:19px}.elementor-widget-heading .elementor-heading-title.elementor-size-large{font-size:29px}.elementor-widget-heading .elementor-heading-title.elementor-size-xl{font-size:39px}.elementor-widget-heading .elementor-heading-title.elementor-size-xxl{font-size:59px}<\/style><h1 class=\"elementor-heading-title elementor-size-default\">Pol\u00edtica de privadesa de xarxes socials<\/h1>\t\t<\/div>\n\t\t\t\t<\/div>\n\t\t\t\t<div class=\"elementor-element elementor-element-4ec07261 elementor-widget elementor-widget-text-editor\" data-id=\"4ec07261\" data-element_type=\"widget\" data-widget_type=\"text-editor.default\">\n\t\t\t\t<div class=\"elementor-widget-container\">\n\t\t\t<style>\/*! elementor - v3.19.0 - 07-02-2024 *\/\n.elementor-widget-text-editor.elementor-drop-cap-view-stacked .elementor-drop-cap{background-color:#69727d;color:#fff}.elementor-widget-text-editor.elementor-drop-cap-view-framed .elementor-drop-cap{color:#69727d;border:3px solid;background-color:transparent}.elementor-widget-text-editor:not(.elementor-drop-cap-view-default) .elementor-drop-cap{margin-top:8px}.elementor-widget-text-editor:not(.elementor-drop-cap-view-default) .elementor-drop-cap-letter{width:1em;height:1em}.elementor-widget-text-editor .elementor-drop-cap{float:left;text-align:center;line-height:1;font-size:50px}.elementor-widget-text-editor .elementor-drop-cap-letter{display:inline-block}<\/style>\t\t\t\t<p>De conformitat amb all\u00f2 establert a la normativa vigent en Protecci\u00f3 de Dades de Car\u00e0cter Personal (RGPD) i la Llei 34\/2002, d&#8217;11 de juliol, de Serveis de la Societat de la Informaci\u00f3 i de Comer\u00e7 Electr\u00f2nic (LSSI-CE), DECABILDO ADVOCATS informa els usuaris, que ha procedit a crear un perfil a les Xarxes Socials Facebook, Linkedin, Google+ i twitter amb la finalitat principal de publicitar els seus productes i serveis.<\/p><p><b>Dades de DECABILDO ADVOCATS:<\/b><\/p><p>Titular: PALOMA CABILDO ARANDA CIF 48004429W ADRE\u00c7A: c\/Rovira i Virgili n\u00fam. 20, 1r &#8211; 1a (Tarragona) CORREU ELECTR\u00d2NIC: <span style=\"color: #0563c1;\"><u><a href=\"mailto:info decabildoabogados.es\">info@decabildoabogados.es<\/a><\/u><\/span> DOMINI WEB: www.decabildoabogados.es<\/p><p>L&#8217;usuari disposa d&#8217;un perfil a la mateixa Xarxa Social i ha decidit unir-se a la p\u00e0gina creada per DECABILDO ADVOCATS, mostrant aix\u00ed inter\u00e8s en la informaci\u00f3 que es publiciti a la Xarxa. En unir-se a la nostra p\u00e0gina, ens facilita el seu consentiment per al tractament de aquelles dades personals publicades al seu perfil.<\/p><p>L&#8217;usuari pot accedir en tot moment a les pol\u00edtiques de privadesa de la pr\u00f2pia Xarxa Social, aix\u00ed com configurar el seu perfil per garantir-ne la privadesa.<\/p><p>DECABILDO ADVOCATS t\u00e9 acc\u00e9s i tracta aquella informaci\u00f3 p\u00fablica de l&#8217;usuari, especialment el nom de contacte. Aquestes dades nom\u00e9s s\u00f3n utilitzades dins de la pr\u00f2pia Xarxa Social. No s\u00f3n incorporats a cap fitxer.<\/p><p>En relaci\u00f3 amb els drets d&#8217;acc\u00e9s, rectificaci\u00f3, cancel\u00b7laci\u00f3 i oposici\u00f3, de qu\u00e8 disposeu i que poden ser exercitats davant DECABILDO ADVOCATS, d&#8217;acord amb el RGPD, heu de tenir en compte els matisos seg\u00fcents:<\/p><p>Acc\u00e9s: Estar\u00e0 definit per la funcionalitat de la Xarxa Social i la capacitat d&#8217;acc\u00e9s a la informaci\u00f3 dels perfils dels usuaris. Rectificaci\u00f3: Nom\u00e9s es podr\u00e0 satisfer en relaci\u00f3 amb aquella informaci\u00f3 que es trobe sota el control de DECABILDO ADVOCATS, per exemple, eliminar comentaris publicats a la pr\u00f2pia p\u00e0gina. Normalment, aquest dret l&#8217;haur\u00e0 d&#8217;exercir davant de la Xarxa Social. Cancel\u00b7laci\u00f3 i\/o Oposici\u00f3: Com en el cas anterior, nom\u00e9s es podr\u00e0 satisfer en relaci\u00f3 amb aquella informaci\u00f3 que es trobe sota el control de DECABILDO ADVOCATS, per exemple, deixar d&#8217;estar unit al perfil.<\/p><p><span style=\"background-color: var(--ast-global-color-5); color: var( --e-global-color-text ); font-style: inherit; font-weight: inherit;\">DECABILDO ADVOCATS realitzar\u00e0 les actuacions seg\u00fcents:<\/span><\/p><p>Acc\u00e9s a la informaci\u00f3 p\u00fablica del perfil. Publicaci\u00f3 al perfil de l&#8217;usuari de tota aquella informaci\u00f3 ja publicada a la p\u00e0gina de DECABILDO ADVOCATS. Enviar missatges personals i individuals a trav\u00e9s dels canals de la Xarxa Social. Actualitzacions de l&#8217;estat de la p\u00e0gina que es publicaran al perfil de l&#8217;usuari.<\/p><p>L&#8217;usuari sempre pot controlar les connexions, eliminar els continguts que deixin d&#8217;interessar-li i restringir amb qui comparteix les connexions, per a aix\u00f2 haur\u00e0 d&#8217;accedir a la seva configuraci\u00f3 de privadesa.<\/p><p><b>Publicacions<\/b><\/p><p>L&#8217;usuari, un cop unit a la p\u00e0gina de DECABILDO ADVOCATS, podr\u00e0 publicar-hi comentaris, enlla\u00e7os, imatges o fotografies o qualsevol altre tipus de contingut multim\u00e8dia suportat per la Xarxa Social. L&#8217;usuari, en tots els casos, n&#8217;ha de ser el titular, gaudir dels drets d&#8217;autor i de propietat intel\u00b7lectual o comptar amb el consentiment dels tercers afectats. Es prohibeix expressament qualsevol publicaci\u00f3 a la p\u00e0gina, ja siguin textos, gr\u00e0fics, fotografies, v\u00eddeos, etc. que atemptin o siguin susceptibles d&#8217;atemptar contra la moral, l&#8217;\u00e8tica, el bon gust o el dec\u00f2rum, i\/o que infringeixin, violin o trenquin els drets de propietat intel\u00b7lectual o industrial, el dret a la imatge o la Llei. En aquests casos , DECABILDO ADVOCATS es reserva el dret a retirar immediatament el contingut, podent sol\u00b7licitar el bloqueig permanent de l&#8217;usuari.<\/p><p>DECABILDO ADVOCATS no es far\u00e0 responsable dels continguts que lliurement ha publicat un usuari.<\/p><p>L&#8217;usuari ha de tenir present que les seves publicacions seran conegudes pels altres usuaris, per la qual cosa ell mateix \u00e9s el principal responsable de la seva privadesa.<\/p><p>Les imatges que puguin publicar-se a la p\u00e0gina no seran emmagatzemades en cap fitxer per part de DECABILDO ADVOCATS, per\u00f2 s\u00ed que romandran a la Xarxa Social.<\/p><p><b>Concursos i promocions<\/b><\/p><p>DECABILDO ADVOCATS es reserva el dret a realitzar concursos i promocions, en qu\u00e8 podr\u00e0 participar l&#8217;usuari unit a la seva p\u00e0gina. Les bases de cadascun d&#8217;ells, quan s&#8217;utilitzi la plataforma de la Xarxa Social, seran publicades en aquesta. Complint sempre amb la LSSI-CE i amb qualsevol altra norma que li sigui aplicable.<\/p><p>La Xarxa Social no patrocina, avala ni administra, de cap manera, cap de les nostres promocions, ni est\u00e0 associada a cap.<\/p><p><b>Publicitat<\/b><\/p><p>DECABILDO ADVOCATS utilitzar\u00e0 la Xarxa Social per publicitar els seus productes i serveis, en tot cas, si decideix tractar els seus tats de contacte per realitzar accions directes de prospecci\u00f3 comercial, ser\u00e0 sempre, complint amb les exig\u00e8ncies legals del RGPD i de la LSSICE.<\/p><p>No es considerar\u00e0 publicitat el fet de recomanar a altres usuaris la p\u00e0gina de DECABILDO ADVOCATS perqu\u00e8 tamb\u00e9 puguin gaudir de les promocions o estar informats de la seva activitat.<\/p><p>A continuaci\u00f3 detallem l&#8217;enlla\u00e7 a la pol\u00edtica de privadesa de la Xarxa Social:<\/p><ul><li><span lang=\"en-GB\">Facebook: https:\/\/www.facebook.com\/help\/323540651073243\/ <\/span><\/li><li><span lang=\"de-DE\">Linkedin: http:\/\/www.linkedin.com\/legal\/privacy-policy?trk=hb_ft_priv <\/span><\/li><li><span lang=\"en-GB\">Google +: <\/span><span style=\"color: #0563c1;\"><u><a href=\"http:\/\/www.google.com\/ intl\/es\/policies\/privacy\/\"><span lang=\"en-GB\">http:\/\/www.google.com\/intl\/es\/policies\/privacy\/<\/span><\/a><\/u> <\/span><\/li><\/ul><ul><li><span lang=\"en-GB\">Twitter <\/span><span style=\"color: #0563c1;\"><u><a href=\"https:\/\/twitter.com\/ca\/privacy\"><span lang=\"en-GB\">https:\/\/twitter.com\/ca\/privacy<\/span><\/a><\/u><\/span><\/li><li><span lang=\"de-DE\">Instagram https:\/\/help.instagram.com\/519522125107875?helpref=page_content<\/span><\/li><\/ul>\t\t\t\t\t\t<\/div>\n\t\t\t\t<\/div>\n\t\t\t\t\t<\/div>\n\t\t<\/div>\n\t\t\t\t\t<\/div>\n\t\t<\/section>\n\t\t\t\t<\/div>\n\t\t","protected":false},"excerpt":{"rendered":"<p>Pol\u00edtica de privadesa de xarxes socials De conformitat amb all\u00f2 establert a la normativa vigent en Protecci\u00f3 de Dades de [&hellip;]<\/p>\n","protected":false},"author":1,"featured_media":0,"parent":0,"menu_order":0,"comment_status":"closed","ping_status":"closed","template":"","meta":{"site-sidebar-layout":"no-sidebar","site-content-layout":"","ast-site-content-layout":"full-width-container","site-content-style":"default","site-sidebar-style":"default","ast-global-header-display":"","ast-banner-title-visibility":"","ast-main-header-display":"","ast-hfb-above-header-display":"","ast-hfb-below-header-display":"","ast-hfb-mobile-header-display":"","site-post-title":"disabled","ast-breadcrumbs-content":"","ast-featured-img":"disabled","footer-sml-layout":"","theme-transparent-header-meta":"","adv-header-id-meta":"","stick-header-meta":"","header-above-stick-meta":"","header-main-stick-meta":"","header-below-stick-meta":"","astra-migrate-meta-layouts":"default","ast-page-background-enabled":"default","ast-page-background-meta":{"desktop":{"background-color":"var(--ast-global-color-4)","background-image":"","background-repeat":"repeat","background-position":"center center","background-size":"auto","background-attachment":"scroll","background-type":"","background-media":"","overlay-type":"","overlay-color":"","overlay-gradient":""},"tablet":{"background-color":"","background-image":"","background-repeat":"repeat","background-position":"center center","background-size":"auto","background-attachment":"scroll","background-type":"","background-media":"","overlay-type":"","overlay-color":"","overlay-gradient":""},"mobile":{"background-color":"","background-image":"","background-repeat":"repeat","background-position":"center center","background-size":"auto","background-attachment":"scroll","background-type":"","background-media":"","overlay-type":"","overlay-color":"","overlay-gradient":""}},"ast-content-background-meta":{"desktop":{"background-color":"var(--ast-global-color-5)","background-image":"","background-repeat":"repeat","background-position":"center center","background-size":"auto","background-attachment":"scroll","background-type":"","background-media":"","overlay-type":"","overlay-color":"","overlay-gradient":""},"tablet":{"background-color":"var(--ast-global-color-5)","background-image":"","background-repeat":"repeat","background-position":"center center","background-size":"auto","background-attachment":"scroll","background-type":"","background-media":"","overlay-type":"","overlay-color":"","overlay-gradient":""},"mobile":{"background-color":"var(--ast-global-color-5)","background-image":"","background-repeat":"repeat","background-position":"center center","background-size":"auto","background-attachment":"scroll","background-type":"","background-media":"","overlay-type":"","overlay-color":"","overlay-gradient":""}},"footnotes":""},"class_list":["post-319","page","type-page","status-publish","hentry"],"yoast_head":"<!-- This site is optimized with the Yoast SEO plugin v24.2 - https:\/\/yoast.com\/wordpress\/plugins\/seo\/ -->\n<title>Pol\u00edtica de xarxes socials<\/title>\n<meta name=\"robots\" content=\"noindex, nofollow\" \/>\n<meta property=\"og:locale\" content=\"ca_ES\" \/>\n<meta property=\"og:type\" content=\"article\" \/>\n<meta property=\"og:title\" content=\"Pol\u00edtica de xarxes socials\" \/>\n<meta property=\"og:description\" content=\"Pol\u00edtica de privadesa de xarxes socials De conformitat amb all\u00f2 establert a la normativa vigent en Protecci\u00f3 de Dades de [&hellip;]\" \/>\n<meta property=\"og:url\" content=\"https:\/\/decabildoabogados.es\/ca\/politica-de-xarxes-socials\/\" \/>\n<meta property=\"og:site_name\" content=\"decabildo Abogados\" \/>\n<meta property=\"article:modified_time\" content=\"2025-01-20T10:32:50+00:00\" \/>\n<meta name=\"twitter:card\" content=\"summary_large_image\" \/>\n<meta name=\"twitter:label1\" content=\"Temps estimat de lectura\" \/>\n\t<meta name=\"twitter:data1\" content=\"5 minuts\" \/>\n<script type=\"application\/ld+json\" class=\"yoast-schema-graph\">{\"@context\":\"https:\/\/schema.org\",\"@graph\":[{\"@type\":\"WebPage\",\"@id\":\"https:\/\/decabildoabogados.es\/ca\/politica-de-xarxes-socials\/\",\"url\":\"https:\/\/decabildoabogados.es\/ca\/politica-de-xarxes-socials\/\",\"name\":\"Pol\u00edtica de xarxes socials\",\"isPartOf\":{\"@id\":\"https:\/\/decabildoabogados.es\/ca\/#website\"},\"datePublished\":\"2024-03-01T13:47:35+00:00\",\"dateModified\":\"2025-01-20T10:32:50+00:00\",\"breadcrumb\":{\"@id\":\"https:\/\/decabildoabogados.es\/ca\/politica-de-xarxes-socials\/#breadcrumb\"},\"inLanguage\":\"ca\",\"potentialAction\":[{\"@type\":\"ReadAction\",\"target\":[\"https:\/\/decabildoabogados.es\/ca\/politica-de-xarxes-socials\/\"]}]},{\"@type\":\"BreadcrumbList\",\"@id\":\"https:\/\/decabildoabogados.es\/ca\/politica-de-xarxes-socials\/#breadcrumb\",\"itemListElement\":[{\"@type\":\"ListItem\",\"position\":1,\"name\":\"Portada\",\"item\":\"https:\/\/decabildoabogados.es\/ca\/\"},{\"@type\":\"ListItem\",\"position\":2,\"name\":\"Pol\u00edtica de xarxes socials\"}]},{\"@type\":\"WebSite\",\"@id\":\"https:\/\/decabildoabogados.es\/ca\/#website\",\"url\":\"https:\/\/decabildoabogados.es\/ca\/\",\"name\":\"Decabildo Abogados\",\"description\":\"\",\"publisher\":{\"@id\":\"https:\/\/decabildoabogados.es\/ca\/#organization\"},\"potentialAction\":[{\"@type\":\"SearchAction\",\"target\":{\"@type\":\"EntryPoint\",\"urlTemplate\":\"https:\/\/decabildoabogados.es\/ca\/?s={search_term_string}\"},\"query-input\":{\"@type\":\"PropertyValueSpecification\",\"valueRequired\":true,\"valueName\":\"search_term_string\"}}],\"inLanguage\":\"ca\"},{\"@type\":\"Organization\",\"@id\":\"https:\/\/decabildoabogados.es\/ca\/#organization\",\"name\":\"Decabildo Abogados\",\"url\":\"https:\/\/decabildoabogados.es\/ca\/\",\"logo\":{\"@type\":\"ImageObject\",\"inLanguage\":\"ca\",\"@id\":\"https:\/\/decabildoabogados.es\/ca\/#\/schema\/logo\/image\/\",\"url\":\"https:\/\/decabildoabogados.es\/ca\/wp-content\/uploads\/2024\/02\/cropped-logo_decabildo_es.webp\",\"contentUrl\":\"https:\/\/decabildoabogados.es\/ca\/wp-content\/uploads\/2024\/02\/cropped-logo_decabildo_es.webp\",\"width\":357,\"height\":171,\"caption\":\"Decabildo Abogados\"},\"image\":{\"@id\":\"https:\/\/decabildoabogados.es\/ca\/#\/schema\/logo\/image\/\"}}]}<\/script>\n<!-- \/ Yoast SEO plugin. -->","yoast_head_json":{"title":"Pol\u00edtica de xarxes socials","robots":{"index":"noindex","follow":"nofollow"},"og_locale":"ca_ES","og_type":"article","og_title":"Pol\u00edtica de xarxes socials","og_description":"Pol\u00edtica de privadesa de xarxes socials De conformitat amb all\u00f2 establert a la normativa vigent en Protecci\u00f3 de Dades de [&hellip;]","og_url":"https:\/\/decabildoabogados.es\/ca\/politica-de-xarxes-socials\/","og_site_name":"decabildo Abogados","article_modified_time":"2025-01-20T10:32:50+00:00","twitter_card":"summary_large_image","twitter_misc":{"Temps estimat de lectura":"5 minuts"},"schema":{"@context":"https:\/\/schema.org","@graph":[{"@type":"WebPage","@id":"https:\/\/decabildoabogados.es\/ca\/politica-de-xarxes-socials\/","url":"https:\/\/decabildoabogados.es\/ca\/politica-de-xarxes-socials\/","name":"Pol\u00edtica de xarxes socials","isPartOf":{"@id":"https:\/\/decabildoabogados.es\/ca\/#website"},"datePublished":"2024-03-01T13:47:35+00:00","dateModified":"2025-01-20T10:32:50+00:00","breadcrumb":{"@id":"https:\/\/decabildoabogados.es\/ca\/politica-de-xarxes-socials\/#breadcrumb"},"inLanguage":"ca","potentialAction":[{"@type":"ReadAction","target":["https:\/\/decabildoabogados.es\/ca\/politica-de-xarxes-socials\/"]}]},{"@type":"BreadcrumbList","@id":"https:\/\/decabildoabogados.es\/ca\/politica-de-xarxes-socials\/#breadcrumb","itemListElement":[{"@type":"ListItem","position":1,"name":"Portada","item":"https:\/\/decabildoabogados.es\/ca\/"},{"@type":"ListItem","position":2,"name":"Pol\u00edtica de xarxes socials"}]},{"@type":"WebSite","@id":"https:\/\/decabildoabogados.es\/ca\/#website","url":"https:\/\/decabildoabogados.es\/ca\/","name":"Decabildo Abogados","description":"","publisher":{"@id":"https:\/\/decabildoabogados.es\/ca\/#organization"},"potentialAction":[{"@type":"SearchAction","target":{"@type":"EntryPoint","urlTemplate":"https:\/\/decabildoabogados.es\/ca\/?s={search_term_string}"},"query-input":{"@type":"PropertyValueSpecification","valueRequired":true,"valueName":"search_term_string"}}],"inLanguage":"ca"},{"@type":"Organization","@id":"https:\/\/decabildoabogados.es\/ca\/#organization","name":"Decabildo Abogados","url":"https:\/\/decabildoabogados.es\/ca\/","logo":{"@type":"ImageObject","inLanguage":"ca","@id":"https:\/\/decabildoabogados.es\/ca\/#\/schema\/logo\/image\/","url":"https:\/\/decabildoabogados.es\/ca\/wp-content\/uploads\/2024\/02\/cropped-logo_decabildo_es.webp","contentUrl":"https:\/\/decabildoabogados.es\/ca\/wp-content\/uploads\/2024\/02\/cropped-logo_decabildo_es.webp","width":357,"height":171,"caption":"Decabildo Abogados"},"image":{"@id":"https:\/\/decabildoabogados.es\/ca\/#\/schema\/logo\/image\/"}}]}},"_links":{"self":[{"href":"https:\/\/decabildoabogados.es\/ca\/wp-json\/wp\/v2\/pages\/319","targetHints":{"allow":["GET"]}}],"collection":[{"href":"https:\/\/decabildoabogados.es\/ca\/wp-json\/wp\/v2\/pages"}],"about":[{"href":"https:\/\/decabildoabogados.es\/ca\/wp-json\/wp\/v2\/types\/page"}],"author":[{"embeddable":true,"href":"https:\/\/decabildoabogados.es\/ca\/wp-json\/wp\/v2\/users\/1"}],"replies":[{"embeddable":true,"href":"https:\/\/decabildoabogados.es\/ca\/wp-json\/wp\/v2\/comments?post=319"}],"version-history":[{"count":14,"href":"https:\/\/decabildoabogados.es\/ca\/wp-json\/wp\/v2\/pages\/319\/revisions"}],"predecessor-version":[{"id":591,"href":"https:\/\/decabildoabogados.es\/ca\/wp-json\/wp\/v2\/pages\/319\/revisions\/591"}],"wp:attachment":[{"href":"https:\/\/decabildoabogados.es\/ca\/wp-json\/wp\/v2\/media?parent=319"}],"curies":[{"name":"wp","href":"https:\/\/api.w.org\/{rel}","templated":true}]}}