{"id":147,"date":"2024-02-16T15:56:42","date_gmt":"2024-02-16T14:56:42","guid":{"rendered":"https:\/\/decabildoabogados.es\/?page_id=147"},"modified":"2024-07-19T13:47:12","modified_gmt":"2024-07-19T11:47:12","slug":"advocats-dret-persona-tarragona","status":"publish","type":"page","link":"https:\/\/decabildoabogados.es\/ca\/advocats-dret-persona-tarragona\/","title":{"rendered":"DRET DE LA PERSONA"},"content":{"rendered":"\t\t<div data-elementor-type=\"wp-page\" data-elementor-id=\"147\" class=\"elementor elementor-147\" data-elementor-post-type=\"page\">\n\t\t\t\t\t\t<section class=\"elementor-section elementor-top-section elementor-element elementor-element-5b69ecfd elementor-section-boxed elementor-section-height-default elementor-section-height-default\" data-id=\"5b69ecfd\" data-element_type=\"section\">\n\t\t\t\t\t\t<div class=\"elementor-container elementor-column-gap-default\">\n\t\t\t\t\t<div class=\"elementor-column elementor-col-100 elementor-top-column elementor-element elementor-element-6a04e511\" data-id=\"6a04e511\" data-element_type=\"column\">\n\t\t\t<div class=\"elementor-widget-wrap elementor-element-populated\">\n\t\t\t\t\t\t<div class=\"elementor-element elementor-element-23c44730 elementor-widget elementor-widget-heading\" data-id=\"23c44730\" data-element_type=\"widget\" data-widget_type=\"heading.default\">\n\t\t\t\t<div class=\"elementor-widget-container\">\n\t\t\t<style>\/*! elementor - v3.19.0 - 07-02-2024 *\/\n.elementor-heading-title{padding:0;margin:0;line-height:1}.elementor-widget-heading .elementor-heading-title[class*=elementor-size-]>a{color:inherit;font-size:inherit;line-height:inherit}.elementor-widget-heading .elementor-heading-title.elementor-size-small{font-size:15px}.elementor-widget-heading .elementor-heading-title.elementor-size-medium{font-size:19px}.elementor-widget-heading .elementor-heading-title.elementor-size-large{font-size:29px}.elementor-widget-heading .elementor-heading-title.elementor-size-xl{font-size:39px}.elementor-widget-heading .elementor-heading-title.elementor-size-xxl{font-size:59px}<\/style><h1 class=\"elementor-heading-title elementor-size-default\">Advocats de dret de persona a Tarragona<\/h1>\t\t<\/div>\n\t\t\t\t<\/div>\n\t\t\t\t<div class=\"elementor-element elementor-element-35dd8cf0 elementor-widget elementor-widget-text-editor\" data-id=\"35dd8cf0\" data-element_type=\"widget\" data-widget_type=\"text-editor.default\">\n\t\t\t\t<div class=\"elementor-widget-container\">\n\t\t\t<style>\/*! elementor - v3.19.0 - 07-02-2024 *\/\n.elementor-widget-text-editor.elementor-drop-cap-view-stacked .elementor-drop-cap{background-color:#69727d;color:#fff}.elementor-widget-text-editor.elementor-drop-cap-view-framed .elementor-drop-cap{color:#69727d;border:3px solid;background-color:transparent}.elementor-widget-text-editor:not(.elementor-drop-cap-view-default) .elementor-drop-cap{margin-top:8px}.elementor-widget-text-editor:not(.elementor-drop-cap-view-default) .elementor-drop-cap-letter{width:1em;height:1em}.elementor-widget-text-editor .elementor-drop-cap{float:left;text-align:center;line-height:1;font-size:50px}.elementor-widget-text-editor .elementor-drop-cap-letter{display:inline-block}<\/style>\t\t\t\t<p>A DeCabildo Advocats estem compromesos amb l&#8217;excel\u00b7l\u00e8ncia en la pr\u00e0ctica del <b>dret de la persona a Tarragona<\/b>. El nostre equip d&#8217;advocats experts ofereix assessorament i representaci\u00f3 legal en diversos aspectes del dret civil, assegurant que els teus drets i necessitats siguin atesos amb la m\u00e0xima professionalitat. <br \/>Ens especialitzem a enfrontar els desafiaments legals associats amb el dret de la persona a Tarragona. Entenem la sensibilitat en aquest tipus de temes i assumptes i ens esforcem per manejar cada cas amb la cura i la discreci\u00f3 que mereix.<\/p>\t\t\t\t\t\t<\/div>\n\t\t\t\t<\/div>\n\t\t\t\t\t<\/div>\n\t\t<\/div>\n\t\t\t\t\t<\/div>\n\t\t<\/section>\n\t\t\t\t<section class=\"elementor-section elementor-top-section elementor-element elementor-element-69cf1542 elementor-section-boxed elementor-section-height-default elementor-section-height-default\" data-id=\"69cf1542\" data-element_type=\"section\">\n\t\t\t\t\t\t<div class=\"elementor-container elementor-column-gap-default\">\n\t\t\t\t\t<div class=\"elementor-column elementor-col-100 elementor-top-column elementor-element elementor-element-2a4c589b\" data-id=\"2a4c589b\" data-element_type=\"column\">\n\t\t\t<div class=\"elementor-widget-wrap elementor-element-populated\">\n\t\t\t\t\t\t<div class=\"elementor-element elementor-element-1571d888 elementor-widget elementor-widget-heading\" data-id=\"1571d888\" data-element_type=\"widget\" data-widget_type=\"heading.default\">\n\t\t\t\t<div class=\"elementor-widget-container\">\n\t\t\t<h2 class=\"elementor-heading-title elementor-size-default\">Advocats Especialistes en Dret de la Persona<\/h2>\t\t<\/div>\n\t\t\t\t<\/div>\n\t\t\t\t<section class=\"elementor-section elementor-inner-section elementor-element elementor-element-527138b7 elementor-section-boxed elementor-section-height-default elementor-section-height-default\" data-id=\"527138b7\" data-element_type=\"section\">\n\t\t\t\t\t\t<div class=\"elementor-container elementor-column-gap-default\">\n\t\t\t\t\t<div class=\"elementor-column elementor-col-50 elementor-inner-column elementor-element elementor-element-47afaf02\" data-id=\"47afaf02\" data-element_type=\"column\">\n\t\t\t<div class=\"elementor-widget-wrap elementor-element-populated\">\n\t\t\t\t\t\t<div class=\"elementor-element elementor-element-6cb79415 elementor-widget elementor-widget-text-editor\" data-id=\"6cb79415\" data-element_type=\"widget\" data-widget_type=\"text-editor.default\">\n\t\t\t\t<div class=\"elementor-widget-container\">\n\t\t\t\t\t\t\t<p>Reconeixem la import\u00e0ncia d&#8217;oferir serveis legals inclusius i accessibles. Per aix\u00f2, proporcionem assessorament expert en tota mena de q\u00fcestions i desafiaments legals. La nostra dedicaci\u00f3 al <b>dret de la persona a Tarragona<\/b> ens posiciona com una signatura d&#8217;advocats de confian\u00e7a i refer\u00e8ncia a la zona.<\/p>\n<p>Entenem que cada cas \u00e9s \u00fanic i requerim un enfocament personalitzat. Estem compromesos amb l&#8217;excel\u00b7l\u00e8ncia en el maneig del <b>dret de la persona a Tarragona<\/b>. El nostre equip d&#8217;advocats altament qualificats es dedica a proporcionar assessorament legal de primer nivell i de representaci\u00f3 en una gran diversitat d&#8217;assumptes relacionats amb el dret de la persona. Aix\u00ed mateix, els nostres advocats bancaris estaran a la vostra disposici\u00f3 per atendre&#8217;l en multitud de temes financers.<\/p>\t\t\t\t\t\t<\/div>\n\t\t\t\t<\/div>\n\t\t\t\t\t<\/div>\n\t\t<\/div>\n\t\t\t\t<div class=\"elementor-column elementor-col-50 elementor-inner-column elementor-element elementor-element-1533c691\" data-id=\"1533c691\" data-element_type=\"column\">\n\t\t\t<div class=\"elementor-widget-wrap elementor-element-populated\">\n\t\t\t\t\t\t<div class=\"elementor-element elementor-element-27b107ee elementor-widget elementor-widget-image\" data-id=\"27b107ee\" data-element_type=\"widget\" data-widget_type=\"image.default\">\n\t\t\t\t<div class=\"elementor-widget-container\">\n\t\t\t<style>\/*! elementor - v3.19.0 - 07-02-2024 *\/\n.elementor-widget-image{text-align:center}.elementor-widget-image a{display:inline-block}.elementor-widget-image a img[src$=\".svg\"]{width:48px}.elementor-widget-image img{vertical-align:middle;display:inline-block}<\/style>\t\t\t\t\t\t\t\t\t\t<img fetchpriority=\"high\" decoding=\"async\" width=\"800\" height=\"400\" src=\"https:\/\/decabildoabogados.es\/ca\/wp-content\/uploads\/2024\/02\/derecho_de_persona.jpg\" class=\"attachment-full size-full wp-image-150\" alt=\"asesorado en derecho de persona\" srcset=\"https:\/\/decabildoabogados.es\/ca\/wp-content\/uploads\/2024\/02\/derecho_de_persona.jpg 800w, https:\/\/decabildoabogados.es\/ca\/wp-content\/uploads\/2024\/02\/derecho_de_persona-300x150.jpg 300w, https:\/\/decabildoabogados.es\/ca\/wp-content\/uploads\/2024\/02\/derecho_de_persona-768x384.jpg 768w\" sizes=\"(max-width: 800px) 100vw, 800px\" \/>\t\t\t\t\t\t\t\t\t\t\t\t\t<\/div>\n\t\t\t\t<\/div>\n\t\t\t\t\t<\/div>\n\t\t<\/div>\n\t\t\t\t\t<\/div>\n\t\t<\/section>\n\t\t\t\t\t<\/div>\n\t\t<\/div>\n\t\t\t\t\t<\/div>\n\t\t<\/section>\n\t\t\t\t<section class=\"elementor-section elementor-top-section elementor-element elementor-element-62a20446 elementor-section-boxed elementor-section-height-default elementor-section-height-default\" data-id=\"62a20446\" data-element_type=\"section\">\n\t\t\t\t\t\t<div class=\"elementor-container elementor-column-gap-default\">\n\t\t\t\t\t<div class=\"elementor-column elementor-col-100 elementor-top-column elementor-element elementor-element-6b3a04b2\" data-id=\"6b3a04b2\" data-element_type=\"column\">\n\t\t\t<div class=\"elementor-widget-wrap elementor-element-populated\">\n\t\t\t\t\t\t<div class=\"elementor-element elementor-element-158cca0 elementor-widget elementor-widget-heading\" data-id=\"158cca0\" data-element_type=\"widget\" data-widget_type=\"heading.default\">\n\t\t\t\t<div class=\"elementor-widget-container\">\n\t\t\t<h2 class=\"elementor-heading-title elementor-size-default\">Serveis en Dret de la Persona a DeCabildo Advocats<\/h2>\t\t<\/div>\n\t\t\t\t<\/div>\n\t\t\t\t<div class=\"elementor-element elementor-element-379927e5 elementor-widget elementor-widget-text-editor\" data-id=\"379927e5\" data-element_type=\"widget\" data-widget_type=\"text-editor.default\">\n\t\t\t\t<div class=\"elementor-widget-container\">\n\t\t\t\t\t\t\t<h3><a name=\"_h7hd4akkxytl\"><\/a>Protecci\u00f3 en Drets Humans i Civils<\/h3>\n<p>Representaci\u00f3 i assessorament en casos relacionats amb la violaci\u00f3 de drets humans i civils, com la discriminaci\u00f3, la llibertat dexpressi\u00f3, i el dret a la privadesa.<\/p>\n<h3><a name=\"_z3dsi0kupjvg\"><\/a>Assist\u00e8ncia Legal per a Persones amb Incapacitat<\/h3>\n<p align=\"justify\">Assist\u00e8ncia jur\u00eddica i judicial en processos d&#8217;incapacitat judicial (actuals mesures de suport per a persones amb discapacitat). Assessorament i representaci\u00f3 legal especialitzada per a persones amb discapacitats, incloent l&#8217;acc\u00e9s a serveis, <strong>discriminaci\u00f3.<\/strong><\/p>\n<p style=\"text-align: left;\" align=\"center\"><strong>OBSERVAR \u2013 ACOMPANYAR &#8211; CUIDAR<\/strong><\/p>\t\t\t\t\t\t<\/div>\n\t\t\t\t<\/div>\n\t\t\t\t\t<\/div>\n\t\t<\/div>\n\t\t\t\t\t<\/div>\n\t\t<\/section>\n\t\t\t\t<\/div>\n\t\t","protected":false},"excerpt":{"rendered":"<p>Advocats de dret de persona a Tarragona A DeCabildo Advocats estem compromesos amb l&#8217;excel\u00b7l\u00e8ncia en la pr\u00e0ctica del dret de [&hellip;]<\/p>\n","protected":false},"author":1,"featured_media":0,"parent":0,"menu_order":0,"comment_status":"closed","ping_status":"closed","template":"","meta":{"site-sidebar-layout":"no-sidebar","site-content-layout":"","ast-site-content-layout":"full-width-container","site-content-style":"default","site-sidebar-style":"default","ast-global-header-display":"","ast-banner-title-visibility":"","ast-main-header-display":"","ast-hfb-above-header-display":"","ast-hfb-below-header-display":"","ast-hfb-mobile-header-display":"","site-post-title":"disabled","ast-breadcrumbs-content":"","ast-featured-img":"disabled","footer-sml-layout":"","theme-transparent-header-meta":"","adv-header-id-meta":"","stick-header-meta":"","header-above-stick-meta":"","header-main-stick-meta":"","header-below-stick-meta":"","astra-migrate-meta-layouts":"default","ast-page-background-enabled":"default","ast-page-background-meta":{"desktop":{"background-color":"var(--ast-global-color-4)","background-image":"","background-repeat":"repeat","background-position":"center center","background-size":"auto","background-attachment":"scroll","background-type":"","background-media":"","overlay-type":"","overlay-color":"","overlay-gradient":""},"tablet":{"background-color":"","background-image":"","background-repeat":"repeat","background-position":"center center","background-size":"auto","background-attachment":"scroll","background-type":"","background-media":"","overlay-type":"","overlay-color":"","overlay-gradient":""},"mobile":{"background-color":"","background-image":"","background-repeat":"repeat","background-position":"center center","background-size":"auto","background-attachment":"scroll","background-type":"","background-media":"","overlay-type":"","overlay-color":"","overlay-gradient":""}},"ast-content-background-meta":{"desktop":{"background-color":"var(--ast-global-color-5)","background-image":"","background-repeat":"repeat","background-position":"center center","background-size":"auto","background-attachment":"scroll","background-type":"","background-media":"","overlay-type":"","overlay-color":"","overlay-gradient":""},"tablet":{"background-color":"var(--ast-global-color-5)","background-image":"","background-repeat":"repeat","background-position":"center center","background-size":"auto","background-attachment":"scroll","background-type":"","background-media":"","overlay-type":"","overlay-color":"","overlay-gradient":""},"mobile":{"background-color":"var(--ast-global-color-5)","background-image":"","background-repeat":"repeat","background-position":"center center","background-size":"auto","background-attachment":"scroll","background-type":"","background-media":"","overlay-type":"","overlay-color":"","overlay-gradient":""}},"footnotes":""},"class_list":["post-147","page","type-page","status-publish","hentry"],"yoast_head":"<!-- This site is optimized with the Yoast SEO plugin v24.2 - https:\/\/yoast.com\/wordpress\/plugins\/seo\/ -->\n<title>Advocats dret de la persona Tarragona<\/title>\n<meta name=\"description\" content=\"DeCabildo Advocats. Advocats de dret de la persona a Tarragona. Assessorament legal per a delictes, viol\u00e8ncia dom\u00e8stica, immigraci\u00f3 i molt m\u00e9s\" \/>\n<meta name=\"robots\" content=\"index, follow, max-snippet:-1, max-image-preview:large, max-video-preview:-1\" \/>\n<link rel=\"canonical\" href=\"https:\/\/decabildoabogados.es\/ca\/advocats-dret-persona-tarragona\/\" \/>\n<meta property=\"og:locale\" content=\"ca_ES\" \/>\n<meta property=\"og:type\" content=\"article\" \/>\n<meta property=\"og:title\" content=\"Advocats dret de la persona Tarragona\" \/>\n<meta property=\"og:description\" content=\"DeCabildo Advocats. Advocats de dret de la persona a Tarragona. Assessorament legal per a delictes, viol\u00e8ncia dom\u00e8stica, immigraci\u00f3 i molt m\u00e9s\" \/>\n<meta property=\"og:url\" content=\"https:\/\/decabildoabogados.es\/ca\/advocats-dret-persona-tarragona\/\" \/>\n<meta property=\"og:site_name\" content=\"decabildo Abogados\" \/>\n<meta property=\"article:modified_time\" content=\"2024-07-19T11:47:12+00:00\" \/>\n<meta property=\"og:image\" content=\"https:\/\/decabildoabogados.es\/ca\/wp-content\/uploads\/2024\/02\/derecho_de_persona.jpg\" \/>\n<meta name=\"twitter:card\" content=\"summary_large_image\" \/>\n<meta name=\"twitter:label1\" content=\"Temps estimat de lectura\" \/>\n\t<meta name=\"twitter:data1\" content=\"2 minuts\" \/>\n<script type=\"application\/ld+json\" class=\"yoast-schema-graph\">{\"@context\":\"https:\/\/schema.org\",\"@graph\":[{\"@type\":\"WebPage\",\"@id\":\"https:\/\/decabildoabogados.es\/ca\/advocats-dret-persona-tarragona\/\",\"url\":\"https:\/\/decabildoabogados.es\/ca\/advocats-dret-persona-tarragona\/\",\"name\":\"Advocats dret de la persona Tarragona\",\"isPartOf\":{\"@id\":\"https:\/\/decabildoabogados.es\/ca\/#website\"},\"primaryImageOfPage\":{\"@id\":\"https:\/\/decabildoabogados.es\/ca\/advocats-dret-persona-tarragona\/#primaryimage\"},\"image\":{\"@id\":\"https:\/\/decabildoabogados.es\/ca\/advocats-dret-persona-tarragona\/#primaryimage\"},\"thumbnailUrl\":\"https:\/\/decabildoabogados.es\/ca\/wp-content\/uploads\/2024\/02\/derecho_de_persona.jpg\",\"datePublished\":\"2024-02-16T14:56:42+00:00\",\"dateModified\":\"2024-07-19T11:47:12+00:00\",\"description\":\"DeCabildo Advocats. Advocats de dret de la persona a Tarragona. Assessorament legal per a delictes, viol\u00e8ncia dom\u00e8stica, immigraci\u00f3 i molt m\u00e9s\",\"breadcrumb\":{\"@id\":\"https:\/\/decabildoabogados.es\/ca\/advocats-dret-persona-tarragona\/#breadcrumb\"},\"inLanguage\":\"ca\",\"potentialAction\":[{\"@type\":\"ReadAction\",\"target\":[\"https:\/\/decabildoabogados.es\/ca\/advocats-dret-persona-tarragona\/\"]}]},{\"@type\":\"ImageObject\",\"inLanguage\":\"ca\",\"@id\":\"https:\/\/decabildoabogados.es\/ca\/advocats-dret-persona-tarragona\/#primaryimage\",\"url\":\"https:\/\/decabildoabogados.es\/ca\/wp-content\/uploads\/2024\/02\/derecho_de_persona.jpg\",\"contentUrl\":\"https:\/\/decabildoabogados.es\/ca\/wp-content\/uploads\/2024\/02\/derecho_de_persona.jpg\",\"width\":800,\"height\":400,\"caption\":\"asesorado en derecho de persona\"},{\"@type\":\"BreadcrumbList\",\"@id\":\"https:\/\/decabildoabogados.es\/ca\/advocats-dret-persona-tarragona\/#breadcrumb\",\"itemListElement\":[{\"@type\":\"ListItem\",\"position\":1,\"name\":\"Portada\",\"item\":\"https:\/\/decabildoabogados.es\/ca\/\"},{\"@type\":\"ListItem\",\"position\":2,\"name\":\"DRET DE LA PERSONA\"}]},{\"@type\":\"WebSite\",\"@id\":\"https:\/\/decabildoabogados.es\/ca\/#website\",\"url\":\"https:\/\/decabildoabogados.es\/ca\/\",\"name\":\"Decabildo Abogados\",\"description\":\"\",\"publisher\":{\"@id\":\"https:\/\/decabildoabogados.es\/ca\/#organization\"},\"potentialAction\":[{\"@type\":\"SearchAction\",\"target\":{\"@type\":\"EntryPoint\",\"urlTemplate\":\"https:\/\/decabildoabogados.es\/ca\/?s={search_term_string}\"},\"query-input\":{\"@type\":\"PropertyValueSpecification\",\"valueRequired\":true,\"valueName\":\"search_term_string\"}}],\"inLanguage\":\"ca\"},{\"@type\":\"Organization\",\"@id\":\"https:\/\/decabildoabogados.es\/ca\/#organization\",\"name\":\"Decabildo Abogados\",\"url\":\"https:\/\/decabildoabogados.es\/ca\/\",\"logo\":{\"@type\":\"ImageObject\",\"inLanguage\":\"ca\",\"@id\":\"https:\/\/decabildoabogados.es\/ca\/#\/schema\/logo\/image\/\",\"url\":\"https:\/\/decabildoabogados.es\/ca\/wp-content\/uploads\/2024\/02\/cropped-logo_decabildo_es.webp\",\"contentUrl\":\"https:\/\/decabildoabogados.es\/ca\/wp-content\/uploads\/2024\/02\/cropped-logo_decabildo_es.webp\",\"width\":357,\"height\":171,\"caption\":\"Decabildo Abogados\"},\"image\":{\"@id\":\"https:\/\/decabildoabogados.es\/ca\/#\/schema\/logo\/image\/\"}}]}<\/script>\n<!-- \/ Yoast SEO plugin. -->","yoast_head_json":{"title":"Advocats dret de la persona Tarragona","description":"DeCabildo Advocats. Advocats de dret de la persona a Tarragona. Assessorament legal per a delictes, viol\u00e8ncia dom\u00e8stica, immigraci\u00f3 i molt m\u00e9s","robots":{"index":"index","follow":"follow","max-snippet":"max-snippet:-1","max-image-preview":"max-image-preview:large","max-video-preview":"max-video-preview:-1"},"canonical":"https:\/\/decabildoabogados.es\/ca\/advocats-dret-persona-tarragona\/","og_locale":"ca_ES","og_type":"article","og_title":"Advocats dret de la persona Tarragona","og_description":"DeCabildo Advocats. Advocats de dret de la persona a Tarragona. Assessorament legal per a delictes, viol\u00e8ncia dom\u00e8stica, immigraci\u00f3 i molt m\u00e9s","og_url":"https:\/\/decabildoabogados.es\/ca\/advocats-dret-persona-tarragona\/","og_site_name":"decabildo Abogados","article_modified_time":"2024-07-19T11:47:12+00:00","og_image":[{"url":"https:\/\/decabildoabogados.es\/ca\/wp-content\/uploads\/2024\/02\/derecho_de_persona.jpg","type":"","width":"","height":""}],"twitter_card":"summary_large_image","twitter_misc":{"Temps estimat de lectura":"2 minuts"},"schema":{"@context":"https:\/\/schema.org","@graph":[{"@type":"WebPage","@id":"https:\/\/decabildoabogados.es\/ca\/advocats-dret-persona-tarragona\/","url":"https:\/\/decabildoabogados.es\/ca\/advocats-dret-persona-tarragona\/","name":"Advocats dret de la persona Tarragona","isPartOf":{"@id":"https:\/\/decabildoabogados.es\/ca\/#website"},"primaryImageOfPage":{"@id":"https:\/\/decabildoabogados.es\/ca\/advocats-dret-persona-tarragona\/#primaryimage"},"image":{"@id":"https:\/\/decabildoabogados.es\/ca\/advocats-dret-persona-tarragona\/#primaryimage"},"thumbnailUrl":"https:\/\/decabildoabogados.es\/ca\/wp-content\/uploads\/2024\/02\/derecho_de_persona.jpg","datePublished":"2024-02-16T14:56:42+00:00","dateModified":"2024-07-19T11:47:12+00:00","description":"DeCabildo Advocats. Advocats de dret de la persona a Tarragona. Assessorament legal per a delictes, viol\u00e8ncia dom\u00e8stica, immigraci\u00f3 i molt m\u00e9s","breadcrumb":{"@id":"https:\/\/decabildoabogados.es\/ca\/advocats-dret-persona-tarragona\/#breadcrumb"},"inLanguage":"ca","potentialAction":[{"@type":"ReadAction","target":["https:\/\/decabildoabogados.es\/ca\/advocats-dret-persona-tarragona\/"]}]},{"@type":"ImageObject","inLanguage":"ca","@id":"https:\/\/decabildoabogados.es\/ca\/advocats-dret-persona-tarragona\/#primaryimage","url":"https:\/\/decabildoabogados.es\/ca\/wp-content\/uploads\/2024\/02\/derecho_de_persona.jpg","contentUrl":"https:\/\/decabildoabogados.es\/ca\/wp-content\/uploads\/2024\/02\/derecho_de_persona.jpg","width":800,"height":400,"caption":"asesorado en derecho de persona"},{"@type":"BreadcrumbList","@id":"https:\/\/decabildoabogados.es\/ca\/advocats-dret-persona-tarragona\/#breadcrumb","itemListElement":[{"@type":"ListItem","position":1,"name":"Portada","item":"https:\/\/decabildoabogados.es\/ca\/"},{"@type":"ListItem","position":2,"name":"DRET DE LA PERSONA"}]},{"@type":"WebSite","@id":"https:\/\/decabildoabogados.es\/ca\/#website","url":"https:\/\/decabildoabogados.es\/ca\/","name":"Decabildo Abogados","description":"","publisher":{"@id":"https:\/\/decabildoabogados.es\/ca\/#organization"},"potentialAction":[{"@type":"SearchAction","target":{"@type":"EntryPoint","urlTemplate":"https:\/\/decabildoabogados.es\/ca\/?s={search_term_string}"},"query-input":{"@type":"PropertyValueSpecification","valueRequired":true,"valueName":"search_term_string"}}],"inLanguage":"ca"},{"@type":"Organization","@id":"https:\/\/decabildoabogados.es\/ca\/#organization","name":"Decabildo Abogados","url":"https:\/\/decabildoabogados.es\/ca\/","logo":{"@type":"ImageObject","inLanguage":"ca","@id":"https:\/\/decabildoabogados.es\/ca\/#\/schema\/logo\/image\/","url":"https:\/\/decabildoabogados.es\/ca\/wp-content\/uploads\/2024\/02\/cropped-logo_decabildo_es.webp","contentUrl":"https:\/\/decabildoabogados.es\/ca\/wp-content\/uploads\/2024\/02\/cropped-logo_decabildo_es.webp","width":357,"height":171,"caption":"Decabildo Abogados"},"image":{"@id":"https:\/\/decabildoabogados.es\/ca\/#\/schema\/logo\/image\/"}}]}},"_links":{"self":[{"href":"https:\/\/decabildoabogados.es\/ca\/wp-json\/wp\/v2\/pages\/147","targetHints":{"allow":["GET"]}}],"collection":[{"href":"https:\/\/decabildoabogados.es\/ca\/wp-json\/wp\/v2\/pages"}],"about":[{"href":"https:\/\/decabildoabogados.es\/ca\/wp-json\/wp\/v2\/types\/page"}],"author":[{"embeddable":true,"href":"https:\/\/decabildoabogados.es\/ca\/wp-json\/wp\/v2\/users\/1"}],"replies":[{"embeddable":true,"href":"https:\/\/decabildoabogados.es\/ca\/wp-json\/wp\/v2\/comments?post=147"}],"version-history":[{"count":14,"href":"https:\/\/decabildoabogados.es\/ca\/wp-json\/wp\/v2\/pages\/147\/revisions"}],"predecessor-version":[{"id":497,"href":"https:\/\/decabildoabogados.es\/ca\/wp-json\/wp\/v2\/pages\/147\/revisions\/497"}],"wp:attachment":[{"href":"https:\/\/decabildoabogados.es\/ca\/wp-json\/wp\/v2\/media?parent=147"}],"curies":[{"name":"wp","href":"https:\/\/api.w.org\/{rel}","templated":true}]}}