{"id":133,"date":"2024-02-16T15:50:52","date_gmt":"2024-02-16T14:50:52","guid":{"rendered":"https:\/\/decabildoabogados.es\/?page_id=133"},"modified":"2024-08-13T13:49:35","modified_gmt":"2024-08-13T11:49:35","slug":"advocats-propietat-horitzontal-tarragona","status":"publish","type":"page","link":"https:\/\/decabildoabogados.es\/ca\/advocats-propietat-horitzontal-tarragona\/","title":{"rendered":"PROPIETAT HORITZONTAL"},"content":{"rendered":"\t\t<div data-elementor-type=\"wp-page\" data-elementor-id=\"133\" class=\"elementor elementor-133\" data-elementor-post-type=\"page\">\n\t\t\t\t\t\t<section class=\"elementor-section elementor-top-section elementor-element elementor-element-7b315118 elementor-section-boxed elementor-section-height-default elementor-section-height-default\" data-id=\"7b315118\" data-element_type=\"section\">\n\t\t\t\t\t\t<div class=\"elementor-container elementor-column-gap-default\">\n\t\t\t\t\t<div class=\"elementor-column elementor-col-100 elementor-top-column elementor-element elementor-element-66fd4bf\" data-id=\"66fd4bf\" data-element_type=\"column\">\n\t\t\t<div class=\"elementor-widget-wrap elementor-element-populated\">\n\t\t\t\t\t\t<div class=\"elementor-element elementor-element-6e4ef2bd elementor-widget elementor-widget-heading\" data-id=\"6e4ef2bd\" data-element_type=\"widget\" data-widget_type=\"heading.default\">\n\t\t\t\t<div class=\"elementor-widget-container\">\n\t\t\t<style>\/*! elementor - v3.19.0 - 07-02-2024 *\/\n.elementor-heading-title{padding:0;margin:0;line-height:1}.elementor-widget-heading .elementor-heading-title[class*=elementor-size-]>a{color:inherit;font-size:inherit;line-height:inherit}.elementor-widget-heading .elementor-heading-title.elementor-size-small{font-size:15px}.elementor-widget-heading .elementor-heading-title.elementor-size-medium{font-size:19px}.elementor-widget-heading .elementor-heading-title.elementor-size-large{font-size:29px}.elementor-widget-heading .elementor-heading-title.elementor-size-xl{font-size:39px}.elementor-widget-heading .elementor-heading-title.elementor-size-xxl{font-size:59px}<\/style><h1 class=\"elementor-heading-title elementor-size-default\">Advocats de propietat horitzontal a Tarragona<\/h1>\t\t<\/div>\n\t\t\t\t<\/div>\n\t\t\t\t<div class=\"elementor-element elementor-element-23ecb774 elementor-widget elementor-widget-text-editor\" data-id=\"23ecb774\" data-element_type=\"widget\" data-widget_type=\"text-editor.default\">\n\t\t\t\t<div class=\"elementor-widget-container\">\n\t\t\t<style>\/*! elementor - v3.19.0 - 07-02-2024 *\/\n.elementor-widget-text-editor.elementor-drop-cap-view-stacked .elementor-drop-cap{background-color:#69727d;color:#fff}.elementor-widget-text-editor.elementor-drop-cap-view-framed .elementor-drop-cap{color:#69727d;border:3px solid;background-color:transparent}.elementor-widget-text-editor:not(.elementor-drop-cap-view-default) .elementor-drop-cap{margin-top:8px}.elementor-widget-text-editor:not(.elementor-drop-cap-view-default) .elementor-drop-cap-letter{width:1em;height:1em}.elementor-widget-text-editor .elementor-drop-cap{float:left;text-align:center;line-height:1;font-size:50px}.elementor-widget-text-editor .elementor-drop-cap-letter{display:inline-block}<\/style>\t\t\t\t<p>A DeCabildo Abogados trobareu els seus <b>advocats de comunitat de propietaris a Tarragona<\/b>, brindant assessoria legal en tots els aspectes de la propietat horitzontal. La nostra experi\u00e8ncia en l&#8217;\u00e0mbit de les comunitats de propietaris \u00e9s \u00e0mplia, abastant des de l&#8217;administraci\u00f3 de finques fins a q\u00fcestions complexes de dret immobiliari.<\/p><p>Cada <b>advocat de comunitat de propietaris<\/b> del nostre bufet compr\u00e8n els reptes que comporta la gesti\u00f3 d&#8217;una propietat col\u00b7lectiva. Respectem la imatge i la intimitat de cada propietari, manejant cada cas amb total discreci\u00f3 i el respecte que mereixen. Abordem qualsevol assumpte legal relacionat amb la vostra comunitat.<\/p>\t\t\t\t\t\t<\/div>\n\t\t\t\t<\/div>\n\t\t\t\t\t<\/div>\n\t\t<\/div>\n\t\t\t\t\t<\/div>\n\t\t<\/section>\n\t\t\t\t<section class=\"elementor-section elementor-top-section elementor-element elementor-element-7a367a3f elementor-section-boxed elementor-section-height-default elementor-section-height-default\" data-id=\"7a367a3f\" data-element_type=\"section\">\n\t\t\t\t\t\t<div class=\"elementor-container elementor-column-gap-default\">\n\t\t\t\t\t<div class=\"elementor-column elementor-col-100 elementor-top-column elementor-element elementor-element-2957ebe6\" data-id=\"2957ebe6\" data-element_type=\"column\">\n\t\t\t<div class=\"elementor-widget-wrap elementor-element-populated\">\n\t\t\t\t\t\t<div class=\"elementor-element elementor-element-5d02d50f elementor-widget elementor-widget-heading\" data-id=\"5d02d50f\" data-element_type=\"widget\" data-widget_type=\"heading.default\">\n\t\t\t\t<div class=\"elementor-widget-container\">\n\t\t\t<h2 class=\"elementor-heading-title elementor-size-default\">Advocat de Comunitat de Propietaris<\/h2>\t\t<\/div>\n\t\t\t\t<\/div>\n\t\t\t\t<section class=\"elementor-section elementor-inner-section elementor-element elementor-element-28edc391 elementor-section-content-middle elementor-section-boxed elementor-section-height-default elementor-section-height-default\" data-id=\"28edc391\" data-element_type=\"section\">\n\t\t\t\t\t\t<div class=\"elementor-container elementor-column-gap-default\">\n\t\t\t\t\t<div class=\"elementor-column elementor-col-50 elementor-inner-column elementor-element elementor-element-2c36f493\" data-id=\"2c36f493\" data-element_type=\"column\">\n\t\t\t<div class=\"elementor-widget-wrap elementor-element-populated\">\n\t\t\t\t\t\t<div class=\"elementor-element elementor-element-37992622 elementor-widget elementor-widget-text-editor\" data-id=\"37992622\" data-element_type=\"widget\" data-widget_type=\"text-editor.default\">\n\t\t\t\t<div class=\"elementor-widget-container\">\n\t\t\t\t\t\t\t<p>Com a advocats de comunitat de propietaris a Tarragona, el nostre principal objectiu \u00e9s protegir els seus drets i brindar solucions legals que benefici\u00efn tota la comunitat. Si enfronteu desafiaments legals o necessiteu assessorament en q\u00fcestions relacionades amb la vostra comunitat o propietat, <b>DeCabildo Advocats<\/b> \u00e9s el vostre aliat de confian\u00e7a.<\/p><p>La nostra tasca \u00e9s assegurar-nos que totes les decisions preses a la comunitat respectin les lleis vigents, aix\u00ed com els estatuts interns. Combinem l&#8217;experi\u00e8ncia legal amb un coneixement profund del sector immobiliari per brindar solucions integrals. Ens sentim orgullosos de la nostra capacitat per manejar casos complexos i oferir un servei excepcional a tots els nostres clients.<\/p><p>Ens comprometem a protegir els vostres drets ia oferir solucions pr\u00e0ctiques i efectives. Si necessiteu concertar una cita amb un <b>advocat de comunitat de propietaris<\/b> expert a Tarragona, no dubteu a contactar-nos. Estarem encantats de poder atendre&#8217;l i ajudar-lo en tot all\u00f2 que necessiti. Som aqu\u00ed per servir-lo i guiar-lo en cada pas del seu cam\u00ed legal.<\/p>\t\t\t\t\t\t<\/div>\n\t\t\t\t<\/div>\n\t\t\t\t\t<\/div>\n\t\t<\/div>\n\t\t\t\t<div class=\"elementor-column elementor-col-50 elementor-inner-column elementor-element elementor-element-5dbd35de\" data-id=\"5dbd35de\" data-element_type=\"column\">\n\t\t\t<div class=\"elementor-widget-wrap elementor-element-populated\">\n\t\t\t\t\t\t<div class=\"elementor-element elementor-element-2368c32d elementor-widget elementor-widget-image\" data-id=\"2368c32d\" data-element_type=\"widget\" data-widget_type=\"image.default\">\n\t\t\t\t<div class=\"elementor-widget-container\">\n\t\t\t<style>\/*! elementor - v3.19.0 - 07-02-2024 *\/\n.elementor-widget-image{text-align:center}.elementor-widget-image a{display:inline-block}.elementor-widget-image a img[src$=\".svg\"]{width:48px}.elementor-widget-image img{vertical-align:middle;display:inline-block}<\/style>\t\t\t\t\t\t\t\t\t\t<img fetchpriority=\"high\" decoding=\"async\" width=\"800\" height=\"533\" src=\"https:\/\/decabildoabogados.es\/ca\/wp-content\/uploads\/2024\/02\/propiedad_horizontal-1.webp\" class=\"attachment-full size-full wp-image-136\" alt=\"derecho en comunidades de propietarios\" srcset=\"https:\/\/decabildoabogados.es\/ca\/wp-content\/uploads\/2024\/02\/propiedad_horizontal-1.webp 800w, https:\/\/decabildoabogados.es\/ca\/wp-content\/uploads\/2024\/02\/propiedad_horizontal-1-300x200.webp 300w, https:\/\/decabildoabogados.es\/ca\/wp-content\/uploads\/2024\/02\/propiedad_horizontal-1-768x512.webp 768w\" sizes=\"(max-width: 800px) 100vw, 800px\" \/>\t\t\t\t\t\t\t\t\t\t\t\t\t<\/div>\n\t\t\t\t<\/div>\n\t\t\t\t\t<\/div>\n\t\t<\/div>\n\t\t\t\t\t<\/div>\n\t\t<\/section>\n\t\t\t\t\t<\/div>\n\t\t<\/div>\n\t\t\t\t\t<\/div>\n\t\t<\/section>\n\t\t\t\t<section class=\"elementor-section elementor-top-section elementor-element elementor-element-2dde5810 elementor-section-boxed elementor-section-height-default elementor-section-height-default\" data-id=\"2dde5810\" data-element_type=\"section\">\n\t\t\t\t\t\t<div class=\"elementor-container elementor-column-gap-default\">\n\t\t\t\t\t<div class=\"elementor-column elementor-col-100 elementor-top-column elementor-element elementor-element-136550d8\" data-id=\"136550d8\" data-element_type=\"column\">\n\t\t\t<div class=\"elementor-widget-wrap elementor-element-populated\">\n\t\t\t\t\t\t<div class=\"elementor-element elementor-element-29bc1bbf elementor-widget elementor-widget-heading\" data-id=\"29bc1bbf\" data-element_type=\"widget\" data-widget_type=\"heading.default\">\n\t\t\t\t<div class=\"elementor-widget-container\">\n\t\t\t<h2 class=\"elementor-heading-title elementor-size-default\">Serveis de Propietat Horitzontal a DeCabildo Advocats<\/h2>\t\t<\/div>\n\t\t\t\t<\/div>\n\t\t\t\t<div class=\"elementor-element elementor-element-1b2170ea elementor-widget elementor-widget-text-editor\" data-id=\"1b2170ea\" data-element_type=\"widget\" data-widget_type=\"text-editor.default\">\n\t\t\t\t<div class=\"elementor-widget-container\">\n\t\t\t\t\t\t\t<h3>Administraci\u00f3 de Finques<\/h3><p>El nostre despatx ofereix serveis d&#8217;administraci\u00f3 de finques per a comunitats de propietaris, enfocant-nos a una gesti\u00f3 transparent i eficient. Ens encarreguem de totes les facetes administratives, assegurant el compliment de la normativa vigent i el respecte al <a href=\"https:\/\/decabildoabogados.es\/ca\/advocats-dret-persona-tarragona\/\">dret a la persona<\/a> en cada decisi\u00f3. Garantim total tranquil\u00b7litat i seguretat a cada propietari.<\/p><h3><a name=\"_651t2gi0rw70\"><\/a>Assessoria en Dret Immobiliari<\/h3><p>Com a experts en dret immobiliari brindem assessoria legal en tots els aspectes relacionats amb la propietat horitzontal. Aix\u00f2 inclou la interpretaci\u00f3 de la normativa, assessorament en la compra i venda de propietats i la resoluci\u00f3 de disputes legals. El nostre equip est\u00e0 altament capacitat per guiar-lo a trav\u00e9s dels complexos escenaris legals del sector immobiliari.<\/p><h3><a name=\"_mbm3y82bi7dr\"><\/a>Gesti\u00f3 de Responsabilitat Civil<\/h3><p>La responsabilitat civil dins de les comunitats de ve\u00efns \u00e9s una \u00e0rea crucial que fem servir a DeCabildo Advocats. Ens ocupem de casos relacionats amb danys i perjudicis, assegurant que tots els membres de la comunitat compleixin les seves obligacions legals i que es respectin els drets de cada individu.<\/p><h3><a name=\"_tkcuqmdozlo4\"><\/a>Impugnaci\u00f3 d&#8217;Acords<\/h3><p>Si es prenen acords que no respecten els estatuts de la comunitat o la llei, el nostre servei d\u201fimpugnaci\u00f3 d\u201facords est\u00e0 dissenyat per canviar aquesta situaci\u00f3. El nostre advocat de comunitat de propietaris a Tarragona representar\u00e0 els nostres clients en la impugnaci\u00f3 de decisions injustes, protegint els seus drets i interessos dins la comunitat.<\/p><h3><a name=\"_7pzt3xhvydap\"><\/a>Maneig de Vessaments i Deutes<\/h3><p>Les derrames i deutes comunitaris poden ser complexes. El nostre despatx d&#8217;advocats proporciona assessorament legal per gestionar aquestes situacions financeres, assegurant una distribuci\u00f3 equitativa de les despeses i la recuperaci\u00f3 eficient de deutes pendents.<\/p><h3><a name=\"_o5aql9ay67um\"><\/a>Protecci\u00f3 de la Intimitat i la Imatge<\/h3><p>Respectem la intimitat i la imatge de cada propietari i ens assegurem que aquests drets siguin protegits en el context de la comunitat. La nostra pr\u00e0ctica inclou assessorament sobre com manejar situacions que puguin afectar la privadesa i la reputaci\u00f3 dels individus.<\/p>\t\t\t\t\t\t<\/div>\n\t\t\t\t<\/div>\n\t\t\t\t\t<\/div>\n\t\t<\/div>\n\t\t\t\t\t<\/div>\n\t\t<\/section>\n\t\t\t\t<\/div>\n\t\t","protected":false},"excerpt":{"rendered":"<p>Advocats de propietat horitzontal a Tarragona A DeCabildo Abogados trobareu els seus advocats de comunitat de propietaris a Tarragona, brindant [&hellip;]<\/p>\n","protected":false},"author":1,"featured_media":0,"parent":0,"menu_order":0,"comment_status":"closed","ping_status":"closed","template":"","meta":{"site-sidebar-layout":"no-sidebar","site-content-layout":"","ast-site-content-layout":"full-width-container","site-content-style":"default","site-sidebar-style":"default","ast-global-header-display":"","ast-banner-title-visibility":"","ast-main-header-display":"","ast-hfb-above-header-display":"","ast-hfb-below-header-display":"","ast-hfb-mobile-header-display":"","site-post-title":"disabled","ast-breadcrumbs-content":"","ast-featured-img":"disabled","footer-sml-layout":"","theme-transparent-header-meta":"","adv-header-id-meta":"","stick-header-meta":"","header-above-stick-meta":"","header-main-stick-meta":"","header-below-stick-meta":"","astra-migrate-meta-layouts":"default","ast-page-background-enabled":"default","ast-page-background-meta":{"desktop":{"background-color":"var(--ast-global-color-4)","background-image":"","background-repeat":"repeat","background-position":"center center","background-size":"auto","background-attachment":"scroll","background-type":"","background-media":"","overlay-type":"","overlay-color":"","overlay-gradient":""},"tablet":{"background-color":"","background-image":"","background-repeat":"repeat","background-position":"center center","background-size":"auto","background-attachment":"scroll","background-type":"","background-media":"","overlay-type":"","overlay-color":"","overlay-gradient":""},"mobile":{"background-color":"","background-image":"","background-repeat":"repeat","background-position":"center center","background-size":"auto","background-attachment":"scroll","background-type":"","background-media":"","overlay-type":"","overlay-color":"","overlay-gradient":""}},"ast-content-background-meta":{"desktop":{"background-color":"var(--ast-global-color-5)","background-image":"","background-repeat":"repeat","background-position":"center center","background-size":"auto","background-attachment":"scroll","background-type":"","background-media":"","overlay-type":"","overlay-color":"","overlay-gradient":""},"tablet":{"background-color":"var(--ast-global-color-5)","background-image":"","background-repeat":"repeat","background-position":"center center","background-size":"auto","background-attachment":"scroll","background-type":"","background-media":"","overlay-type":"","overlay-color":"","overlay-gradient":""},"mobile":{"background-color":"var(--ast-global-color-5)","background-image":"","background-repeat":"repeat","background-position":"center center","background-size":"auto","background-attachment":"scroll","background-type":"","background-media":"","overlay-type":"","overlay-color":"","overlay-gradient":""}},"footnotes":""},"class_list":["post-133","page","type-page","status-publish","hentry"],"yoast_head":"<!-- This site is optimized with the Yoast SEO plugin v24.2 - https:\/\/yoast.com\/wordpress\/plugins\/seo\/ -->\n<title>Advocats propietat horitzontal Tarragona<\/title>\n<meta name=\"description\" content=\"DeCabildo Advocats. Advocat de comunitat de propietaris a Tarragona: conflictes entre ve\u00efns, derrames, obres i altres assumptes\" \/>\n<meta name=\"robots\" content=\"index, follow, max-snippet:-1, max-image-preview:large, max-video-preview:-1\" \/>\n<link rel=\"canonical\" href=\"https:\/\/decabildoabogados.es\/ca\/advocats-propietat-horitzontal-tarragona\/\" \/>\n<meta property=\"og:locale\" content=\"ca_ES\" \/>\n<meta property=\"og:type\" content=\"article\" \/>\n<meta property=\"og:title\" content=\"Advocats propietat horitzontal Tarragona\" \/>\n<meta property=\"og:description\" content=\"DeCabildo Advocats. Advocat de comunitat de propietaris a Tarragona: conflictes entre ve\u00efns, derrames, obres i altres assumptes\" \/>\n<meta property=\"og:url\" content=\"https:\/\/decabildoabogados.es\/ca\/advocats-propietat-horitzontal-tarragona\/\" \/>\n<meta property=\"og:site_name\" content=\"decabildo Abogados\" \/>\n<meta property=\"article:modified_time\" content=\"2024-08-13T11:49:35+00:00\" \/>\n<meta property=\"og:image\" content=\"https:\/\/decabildoabogados.es\/ca\/wp-content\/uploads\/2024\/02\/propiedad_horizontal-1.webp\" \/>\n<meta name=\"twitter:card\" content=\"summary_large_image\" \/>\n<meta name=\"twitter:label1\" content=\"Temps estimat de lectura\" \/>\n\t<meta name=\"twitter:data1\" content=\"4 minuts\" \/>\n<script type=\"application\/ld+json\" class=\"yoast-schema-graph\">{\"@context\":\"https:\/\/schema.org\",\"@graph\":[{\"@type\":\"WebPage\",\"@id\":\"https:\/\/decabildoabogados.es\/ca\/advocats-propietat-horitzontal-tarragona\/\",\"url\":\"https:\/\/decabildoabogados.es\/ca\/advocats-propietat-horitzontal-tarragona\/\",\"name\":\"Advocats propietat horitzontal Tarragona\",\"isPartOf\":{\"@id\":\"https:\/\/decabildoabogados.es\/ca\/#website\"},\"primaryImageOfPage\":{\"@id\":\"https:\/\/decabildoabogados.es\/ca\/advocats-propietat-horitzontal-tarragona\/#primaryimage\"},\"image\":{\"@id\":\"https:\/\/decabildoabogados.es\/ca\/advocats-propietat-horitzontal-tarragona\/#primaryimage\"},\"thumbnailUrl\":\"https:\/\/decabildoabogados.es\/ca\/wp-content\/uploads\/2024\/02\/propiedad_horizontal-1.webp\",\"datePublished\":\"2024-02-16T14:50:52+00:00\",\"dateModified\":\"2024-08-13T11:49:35+00:00\",\"description\":\"DeCabildo Advocats. Advocat de comunitat de propietaris a Tarragona: conflictes entre ve\u00efns, derrames, obres i altres assumptes\",\"breadcrumb\":{\"@id\":\"https:\/\/decabildoabogados.es\/ca\/advocats-propietat-horitzontal-tarragona\/#breadcrumb\"},\"inLanguage\":\"ca\",\"potentialAction\":[{\"@type\":\"ReadAction\",\"target\":[\"https:\/\/decabildoabogados.es\/ca\/advocats-propietat-horitzontal-tarragona\/\"]}]},{\"@type\":\"ImageObject\",\"inLanguage\":\"ca\",\"@id\":\"https:\/\/decabildoabogados.es\/ca\/advocats-propietat-horitzontal-tarragona\/#primaryimage\",\"url\":\"https:\/\/decabildoabogados.es\/ca\/wp-content\/uploads\/2024\/02\/propiedad_horizontal-1.webp\",\"contentUrl\":\"https:\/\/decabildoabogados.es\/ca\/wp-content\/uploads\/2024\/02\/propiedad_horizontal-1.webp\",\"width\":800,\"height\":533,\"caption\":\"derecho en comunidades de propietarios\"},{\"@type\":\"BreadcrumbList\",\"@id\":\"https:\/\/decabildoabogados.es\/ca\/advocats-propietat-horitzontal-tarragona\/#breadcrumb\",\"itemListElement\":[{\"@type\":\"ListItem\",\"position\":1,\"name\":\"Portada\",\"item\":\"https:\/\/decabildoabogados.es\/ca\/\"},{\"@type\":\"ListItem\",\"position\":2,\"name\":\"PROPIETAT HORITZONTAL\"}]},{\"@type\":\"WebSite\",\"@id\":\"https:\/\/decabildoabogados.es\/ca\/#website\",\"url\":\"https:\/\/decabildoabogados.es\/ca\/\",\"name\":\"Decabildo Abogados\",\"description\":\"\",\"publisher\":{\"@id\":\"https:\/\/decabildoabogados.es\/ca\/#organization\"},\"potentialAction\":[{\"@type\":\"SearchAction\",\"target\":{\"@type\":\"EntryPoint\",\"urlTemplate\":\"https:\/\/decabildoabogados.es\/ca\/?s={search_term_string}\"},\"query-input\":{\"@type\":\"PropertyValueSpecification\",\"valueRequired\":true,\"valueName\":\"search_term_string\"}}],\"inLanguage\":\"ca\"},{\"@type\":\"Organization\",\"@id\":\"https:\/\/decabildoabogados.es\/ca\/#organization\",\"name\":\"Decabildo Abogados\",\"url\":\"https:\/\/decabildoabogados.es\/ca\/\",\"logo\":{\"@type\":\"ImageObject\",\"inLanguage\":\"ca\",\"@id\":\"https:\/\/decabildoabogados.es\/ca\/#\/schema\/logo\/image\/\",\"url\":\"https:\/\/decabildoabogados.es\/ca\/wp-content\/uploads\/2024\/02\/cropped-logo_decabildo_es.webp\",\"contentUrl\":\"https:\/\/decabildoabogados.es\/ca\/wp-content\/uploads\/2024\/02\/cropped-logo_decabildo_es.webp\",\"width\":357,\"height\":171,\"caption\":\"Decabildo Abogados\"},\"image\":{\"@id\":\"https:\/\/decabildoabogados.es\/ca\/#\/schema\/logo\/image\/\"}}]}<\/script>\n<!-- \/ Yoast SEO plugin. -->","yoast_head_json":{"title":"Advocats propietat horitzontal Tarragona","description":"DeCabildo Advocats. Advocat de comunitat de propietaris a Tarragona: conflictes entre ve\u00efns, derrames, obres i altres assumptes","robots":{"index":"index","follow":"follow","max-snippet":"max-snippet:-1","max-image-preview":"max-image-preview:large","max-video-preview":"max-video-preview:-1"},"canonical":"https:\/\/decabildoabogados.es\/ca\/advocats-propietat-horitzontal-tarragona\/","og_locale":"ca_ES","og_type":"article","og_title":"Advocats propietat horitzontal Tarragona","og_description":"DeCabildo Advocats. Advocat de comunitat de propietaris a Tarragona: conflictes entre ve\u00efns, derrames, obres i altres assumptes","og_url":"https:\/\/decabildoabogados.es\/ca\/advocats-propietat-horitzontal-tarragona\/","og_site_name":"decabildo Abogados","article_modified_time":"2024-08-13T11:49:35+00:00","og_image":[{"url":"https:\/\/decabildoabogados.es\/ca\/wp-content\/uploads\/2024\/02\/propiedad_horizontal-1.webp","type":"","width":"","height":""}],"twitter_card":"summary_large_image","twitter_misc":{"Temps estimat de lectura":"4 minuts"},"schema":{"@context":"https:\/\/schema.org","@graph":[{"@type":"WebPage","@id":"https:\/\/decabildoabogados.es\/ca\/advocats-propietat-horitzontal-tarragona\/","url":"https:\/\/decabildoabogados.es\/ca\/advocats-propietat-horitzontal-tarragona\/","name":"Advocats propietat horitzontal Tarragona","isPartOf":{"@id":"https:\/\/decabildoabogados.es\/ca\/#website"},"primaryImageOfPage":{"@id":"https:\/\/decabildoabogados.es\/ca\/advocats-propietat-horitzontal-tarragona\/#primaryimage"},"image":{"@id":"https:\/\/decabildoabogados.es\/ca\/advocats-propietat-horitzontal-tarragona\/#primaryimage"},"thumbnailUrl":"https:\/\/decabildoabogados.es\/ca\/wp-content\/uploads\/2024\/02\/propiedad_horizontal-1.webp","datePublished":"2024-02-16T14:50:52+00:00","dateModified":"2024-08-13T11:49:35+00:00","description":"DeCabildo Advocats. Advocat de comunitat de propietaris a Tarragona: conflictes entre ve\u00efns, derrames, obres i altres assumptes","breadcrumb":{"@id":"https:\/\/decabildoabogados.es\/ca\/advocats-propietat-horitzontal-tarragona\/#breadcrumb"},"inLanguage":"ca","potentialAction":[{"@type":"ReadAction","target":["https:\/\/decabildoabogados.es\/ca\/advocats-propietat-horitzontal-tarragona\/"]}]},{"@type":"ImageObject","inLanguage":"ca","@id":"https:\/\/decabildoabogados.es\/ca\/advocats-propietat-horitzontal-tarragona\/#primaryimage","url":"https:\/\/decabildoabogados.es\/ca\/wp-content\/uploads\/2024\/02\/propiedad_horizontal-1.webp","contentUrl":"https:\/\/decabildoabogados.es\/ca\/wp-content\/uploads\/2024\/02\/propiedad_horizontal-1.webp","width":800,"height":533,"caption":"derecho en comunidades de propietarios"},{"@type":"BreadcrumbList","@id":"https:\/\/decabildoabogados.es\/ca\/advocats-propietat-horitzontal-tarragona\/#breadcrumb","itemListElement":[{"@type":"ListItem","position":1,"name":"Portada","item":"https:\/\/decabildoabogados.es\/ca\/"},{"@type":"ListItem","position":2,"name":"PROPIETAT HORITZONTAL"}]},{"@type":"WebSite","@id":"https:\/\/decabildoabogados.es\/ca\/#website","url":"https:\/\/decabildoabogados.es\/ca\/","name":"Decabildo Abogados","description":"","publisher":{"@id":"https:\/\/decabildoabogados.es\/ca\/#organization"},"potentialAction":[{"@type":"SearchAction","target":{"@type":"EntryPoint","urlTemplate":"https:\/\/decabildoabogados.es\/ca\/?s={search_term_string}"},"query-input":{"@type":"PropertyValueSpecification","valueRequired":true,"valueName":"search_term_string"}}],"inLanguage":"ca"},{"@type":"Organization","@id":"https:\/\/decabildoabogados.es\/ca\/#organization","name":"Decabildo Abogados","url":"https:\/\/decabildoabogados.es\/ca\/","logo":{"@type":"ImageObject","inLanguage":"ca","@id":"https:\/\/decabildoabogados.es\/ca\/#\/schema\/logo\/image\/","url":"https:\/\/decabildoabogados.es\/ca\/wp-content\/uploads\/2024\/02\/cropped-logo_decabildo_es.webp","contentUrl":"https:\/\/decabildoabogados.es\/ca\/wp-content\/uploads\/2024\/02\/cropped-logo_decabildo_es.webp","width":357,"height":171,"caption":"Decabildo Abogados"},"image":{"@id":"https:\/\/decabildoabogados.es\/ca\/#\/schema\/logo\/image\/"}}]}},"_links":{"self":[{"href":"https:\/\/decabildoabogados.es\/ca\/wp-json\/wp\/v2\/pages\/133","targetHints":{"allow":["GET"]}}],"collection":[{"href":"https:\/\/decabildoabogados.es\/ca\/wp-json\/wp\/v2\/pages"}],"about":[{"href":"https:\/\/decabildoabogados.es\/ca\/wp-json\/wp\/v2\/types\/page"}],"author":[{"embeddable":true,"href":"https:\/\/decabildoabogados.es\/ca\/wp-json\/wp\/v2\/users\/1"}],"replies":[{"embeddable":true,"href":"https:\/\/decabildoabogados.es\/ca\/wp-json\/wp\/v2\/comments?post=133"}],"version-history":[{"count":11,"href":"https:\/\/decabildoabogados.es\/ca\/wp-json\/wp\/v2\/pages\/133\/revisions"}],"predecessor-version":[{"id":583,"href":"https:\/\/decabildoabogados.es\/ca\/wp-json\/wp\/v2\/pages\/133\/revisions\/583"}],"wp:attachment":[{"href":"https:\/\/decabildoabogados.es\/ca\/wp-json\/wp\/v2\/media?parent=133"}],"curies":[{"name":"wp","href":"https:\/\/api.w.org\/{rel}","templated":true}]}}